{"id":32912,"date":"2022-04-27T13:45:45","date_gmt":"2022-04-27T11:45:45","guid":{"rendered":"https:\/\/www.emmentaler.ch\/rezept\/gateau-a-loignon-et-a-lemmentaler-aop"},"modified":"2022-08-12T17:47:07","modified_gmt":"2022-08-12T15:47:07","slug":"gateau-a-loignon-et-a-lemmentaler-aop","status":"publish","type":"recipes","link":"https:\/\/www.emmentaler.ch\/fr\/recettes\/gateau-a-loignon-et-a-lemmentaler-aop","title":{"rendered":"G\u00e2teau \u00e0 l\u2019oignon et \u00e0 l\u2019Emmentaler AOP"},"author":2,"featured_media":32953,"menu_order":0,"template":"","meta":{"inline_featured_image":false},"tags":[],"recipe_categories":[609],"et_countries":[],"recipe_main_ingredient":[591],"recipe_difficulty":[575],"recipe_preparation_time":[278],"recipe_diet_type":[],"recipe_saison":[559],"acf":{"recipe_preparation_time":278,"recipe_categories":609,"recipe_time_txt":"20 minutes + 40 minutes au four","recipe_type":64283,"recipe_difficulty":575,"recipe_diet_type":false,"recipe_main_ingredient":[591],"recipe_saison":[559],"recipe_count_portions":4,"recipe_ingedients":[{"recipe_ingedients_amount":"","recipe_ingedients_unit":"g","recipe_ingedients_product":""}],"temporare_zutaten":"500 g d\u2019oignons\r\n75 g de lardons\r\n1 CS d\u2019huile de colza\r\n3 dl de lait\r\n3 \u0153ufs\r\nSel, poivre, noix de muscade\r\n250 g d\u2019Emmentaler AOP jeune\r\n1 p\u00e2te \u00e0 g\u00e2teau ronde abaiss\u00e9e (pour un moule \u00e0 g\u00e2teau de 28 cm de diam\u00e8tre environ)","recipe_preparation":"Couper les oignons en fines lamelles. Faire revenir environ 20\u00a0minutes dans l\u2019huile \u00e0 feu doux avec les lardons. Laisser refroidir.\r\n\r\nBattre les \u0153ufs et le lait ensemble, saler, poivrer et relever avec un peu de noix de muscade. R\u00e2per l\u2019Emmentaler AOP avec une r\u00e2pe \u00e0 r\u00f6sti.\r\n\r\nGarnir le moule de p\u00e2te \u00e0 g\u00e2teau. Piquer le fond avec une fourchette. R\u00e9partir les oignons et l\u2019Emmentaler AOP sur le fond de p\u00e2te. Verser le battu par-dessus. Faire cuire au four environ 40\u00a0minutes \u00e0 220\u00a0\u00b0C sur le gradin inf\u00e9rieur.","recipe_images":[25584,25579,25569]},"_links":{"self":[{"href":"https:\/\/www.emmentaler.ch\/fr\/wp-json\/wp\/v2\/recipes\/32912"}],"collection":[{"href":"https:\/\/www.emmentaler.ch\/fr\/wp-json\/wp\/v2\/recipes"}],"about":[{"href":"https:\/\/www.emmentaler.ch\/fr\/wp-json\/wp\/v2\/types\/recipes"}],"author":[{"embeddable":true,"href":"https:\/\/www.emmentaler.ch\/fr\/wp-json\/wp\/v2\/users\/2"}],"version-history":[{"count":0,"href":"https:\/\/www.emmentaler.ch\/fr\/wp-json\/wp\/v2\/recipes\/32912\/revisions"}],"acf:attachment":[{"embeddable":true,"href":"https:\/\/www.emmentaler.ch\/fr\/wp-json\/wp\/v2\/media\/25569"},{"embeddable":true,"href":"https:\/\/www.emmentaler.ch\/fr\/wp-json\/wp\/v2\/media\/25579"},{"embeddable":true,"href":"https:\/\/www.emmentaler.ch\/fr\/wp-json\/wp\/v2\/media\/25584"}],"acf:term":[{"embeddable":true,"taxonomy":"recipe_saison","href":"https:\/\/www.emmentaler.ch\/fr\/wp-json\/wp\/v2\/recipe_saison\/559"},{"embeddable":true,"taxonomy":"recipe_main_ingredient","href":"https:\/\/www.emmentaler.ch\/fr\/wp-json\/wp\/v2\/recipe_main_ingredient\/591"},{"embeddable":true,"taxonomy":"recipe_difficulty","href":"https:\/\/www.emmentaler.ch\/fr\/wp-json\/wp\/v2\/recipe_difficulty\/575"},{"embeddable":true,"taxonomy":"recipe_categories","href":"https:\/\/www.emmentaler.ch\/fr\/wp-json\/wp\/v2\/recipe_categories\/609"},{"embeddable":true,"taxonomy":"recipe_preparation_time","href":"https:\/\/www.emmentaler.ch\/fr\/wp-json\/wp\/v2\/recipe_preparation_time\/278"}],"acf:post":[{"embeddable":true,"href":"https:\/\/www.emmentaler.ch\/fr\/wp-json\/wp\/v2\/pages\/64283"}],"wp:featuredmedia":[{"embeddable":true,"href":"https:\/\/www.emmentaler.ch\/fr\/wp-json\/wp\/v2\/media\/32953"}],"wp:attachment":[{"href":"https:\/\/www.emmentaler.ch\/fr\/wp-json\/wp\/v2\/media?parent=32912"}],"wp:term":[{"taxonomy":"post_tag","embeddable":true,"href":"https:\/\/www.emmentaler.ch\/fr\/wp-json\/wp\/v2\/tags?post=32912"},{"taxonomy":"recipe_categories","embeddable":true,"href":"https:\/\/www.emmentaler.ch\/fr\/wp-json\/wp\/v2\/recipe_categories?post=32912"},{"taxonomy":"et_countries","embeddable":true,"href":"https:\/\/www.emmentaler.ch\/fr\/wp-json\/wp\/v2\/et_countries?post=32912"},{"taxonomy":"recipe_main_ingredient","embeddable":true,"href":"https:\/\/www.emmentaler.ch\/fr\/wp-json\/wp\/v2\/recipe_main_ingredient?post=32912"},{"taxonomy":"recipe_difficulty","embeddable":true,"href":"https:\/\/www.emmentaler.ch\/fr\/wp-json\/wp\/v2\/recipe_difficulty?post=32912"},{"taxonomy":"recipe_preparation_time","embeddable":true,"href":"https:\/\/www.emmentaler.ch\/fr\/wp-json\/wp\/v2\/recipe_preparation_time?post=32912"},{"taxonomy":"recipe_diet_type","embeddable":true,"href":"https:\/\/www.emmentaler.ch\/fr\/wp-json\/wp\/v2\/recipe_diet_type?post=32912"},{"taxonomy":"recipe_saison","embeddable":true,"href":"https:\/\/www.emmentaler.ch\/fr\/wp-json\/wp\/v2\/recipe_saison?post=32912"}],"curies":[{"name":"wp","href":"https:\/\/api.w.org\/{rel}","templated":true}]}}