{"id":32973,"date":"2022-04-27T13:45:45","date_gmt":"2022-04-27T11:45:45","guid":{"rendered":"https:\/\/www.emmentaler.ch\/rezept\/tartine-thai-avec-emmentaler-aop-suisse"},"modified":"2024-07-25T17:25:59","modified_gmt":"2024-07-25T15:25:59","slug":"tartine-thai-avec-emmentaler-aop-suisse","status":"publish","type":"recipes","link":"https:\/\/www.emmentaler.ch\/fr\/recettes\/tartine-thai-avec-emmentaler-aop-suisse","title":{"rendered":"Tartine Tha\u00ef avec Emmentaler AOP suisse"},"author":2,"featured_media":32994,"menu_order":0,"template":"","meta":{"inline_featured_image":false},"tags":[802],"recipe_categories":[606],"et_countries":[],"recipe_main_ingredient":[588],"recipe_difficulty":[575],"recipe_preparation_time":[280],"recipe_diet_type":[567],"recipe_saison":[559],"acf":{"recipe_preparation_time":280,"recipe_categories":606,"recipe_time_txt":"","recipe_type":63916,"recipe_difficulty":575,"recipe_diet_type":[567],"recipe_main_ingredient":[588],"recipe_saison":[559],"recipe_count_portions":4,"recipe_ingedients":[{"recipe_ingedients_amount":"","recipe_ingedients_unit":"g","recipe_ingedients_product":""}],"temporare_zutaten":"Baguette de pain complet\r\n1 avocat\r\n1 pot d\u2019\u0153ufs de saumon\r\nmoutarde\r\nEmmentaler AOP suisse\r\n\u00bd citron press\u00e9\r\nsel\r\npoivre rose","recipe_preparation":"Peler l\u2019avocat, \u00f4ter son noyau et couper l\u2019avocat en tranches.\r\n\r\nMettre les tranches dans un saladier et assaisonner avec le sel, le poivre et le jus de citron.\r\n\r\nCouper le pain en rondelles, les faire l\u00e9g\u00e8rement griller \u00e0 la po\u00eale et les tartiner avec un peu de moutarde.\r\n\r\nPoser les tranches d'avocat sur le pain, ajouter les \u0153ufs de saumon et compl\u00e9ter avec de petits cubes d\u2019Emmentaler AOP suisse.","recipe_images":[25620]},"_links":{"self":[{"href":"https:\/\/www.emmentaler.ch\/fr\/wp-json\/wp\/v2\/recipes\/32973"}],"collection":[{"href":"https:\/\/www.emmentaler.ch\/fr\/wp-json\/wp\/v2\/recipes"}],"about":[{"href":"https:\/\/www.emmentaler.ch\/fr\/wp-json\/wp\/v2\/types\/recipes"}],"author":[{"embeddable":true,"href":"https:\/\/www.emmentaler.ch\/fr\/wp-json\/wp\/v2\/users\/2"}],"version-history":[{"count":1,"href":"https:\/\/www.emmentaler.ch\/fr\/wp-json\/wp\/v2\/recipes\/32973\/revisions"}],"predecessor-version":[{"id":137892,"href":"https:\/\/www.emmentaler.ch\/fr\/wp-json\/wp\/v2\/recipes\/32973\/revisions\/137892"}],"acf:attachment":[{"embeddable":true,"href":"https:\/\/www.emmentaler.ch\/fr\/wp-json\/wp\/v2\/media\/25620"}],"acf:term":[{"embeddable":true,"taxonomy":"recipe_saison","href":"https:\/\/www.emmentaler.ch\/fr\/wp-json\/wp\/v2\/recipe_saison\/559"},{"embeddable":true,"taxonomy":"recipe_main_ingredient","href":"https:\/\/www.emmentaler.ch\/fr\/wp-json\/wp\/v2\/recipe_main_ingredient\/588"},{"embeddable":true,"taxonomy":"recipe_diet_type","href":"https:\/\/www.emmentaler.ch\/fr\/wp-json\/wp\/v2\/recipe_diet_type\/567"},{"embeddable":true,"taxonomy":"recipe_difficulty","href":"https:\/\/www.emmentaler.ch\/fr\/wp-json\/wp\/v2\/recipe_difficulty\/575"},{"embeddable":true,"taxonomy":"recipe_categories","href":"https:\/\/www.emmentaler.ch\/fr\/wp-json\/wp\/v2\/recipe_categories\/606"},{"embeddable":true,"taxonomy":"recipe_preparation_time","href":"https:\/\/www.emmentaler.ch\/fr\/wp-json\/wp\/v2\/recipe_preparation_time\/280"}],"acf:post":[{"embeddable":true,"href":"https:\/\/www.emmentaler.ch\/fr\/wp-json\/wp\/v2\/pages\/63916"}],"wp:featuredmedia":[{"embeddable":true,"href":"https:\/\/www.emmentaler.ch\/fr\/wp-json\/wp\/v2\/media\/32994"}],"wp:attachment":[{"href":"https:\/\/www.emmentaler.ch\/fr\/wp-json\/wp\/v2\/media?parent=32973"}],"wp:term":[{"taxonomy":"post_tag","embeddable":true,"href":"https:\/\/www.emmentaler.ch\/fr\/wp-json\/wp\/v2\/tags?post=32973"},{"taxonomy":"recipe_categories","embeddable":true,"href":"https:\/\/www.emmentaler.ch\/fr\/wp-json\/wp\/v2\/recipe_categories?post=32973"},{"taxonomy":"et_countries","embeddable":true,"href":"https:\/\/www.emmentaler.ch\/fr\/wp-json\/wp\/v2\/et_countries?post=32973"},{"taxonomy":"recipe_main_ingredient","embeddable":true,"href":"https:\/\/www.emmentaler.ch\/fr\/wp-json\/wp\/v2\/recipe_main_ingredient?post=32973"},{"taxonomy":"recipe_difficulty","embeddable":true,"href":"https:\/\/www.emmentaler.ch\/fr\/wp-json\/wp\/v2\/recipe_difficulty?post=32973"},{"taxonomy":"recipe_preparation_time","embeddable":true,"href":"https:\/\/www.emmentaler.ch\/fr\/wp-json\/wp\/v2\/recipe_preparation_time?post=32973"},{"taxonomy":"recipe_diet_type","embeddable":true,"href":"https:\/\/www.emmentaler.ch\/fr\/wp-json\/wp\/v2\/recipe_diet_type?post=32973"},{"taxonomy":"recipe_saison","embeddable":true,"href":"https:\/\/www.emmentaler.ch\/fr\/wp-json\/wp\/v2\/recipe_saison?post=32973"}],"curies":[{"name":"wp","href":"https:\/\/api.w.org\/{rel}","templated":true}]}}