{"id":33004,"date":"2022-04-27T13:45:45","date_gmt":"2022-04-27T11:45:45","guid":{"rendered":"https:\/\/www.emmentaler.ch\/rezept\/salade-de-melon-au-fromage"},"modified":"2024-07-25T17:27:16","modified_gmt":"2024-07-25T15:27:16","slug":"salade-de-melon-au-fromage","status":"publish","type":"recipes","link":"https:\/\/www.emmentaler.ch\/fr\/recettes\/salade-de-melon-au-fromage","title":{"rendered":"Salade de melon au fromage"},"author":2,"featured_media":33045,"menu_order":0,"template":"","meta":{"inline_featured_image":false},"tags":[802,834],"recipe_categories":[617],"et_countries":[],"recipe_main_ingredient":[591],"recipe_difficulty":[575],"recipe_preparation_time":[280],"recipe_diet_type":[564,572],"recipe_saison":[548,527],"acf":{"recipe_preparation_time":280,"recipe_categories":617,"recipe_time_txt":"","recipe_type":64320,"recipe_difficulty":575,"recipe_diet_type":[564,572],"recipe_main_ingredient":[591],"recipe_saison":[527,548],"recipe_count_portions":4,"recipe_ingedients":[{"recipe_ingedients_amount":"","recipe_ingedients_unit":"g","recipe_ingedients_product":""}],"temporare_zutaten":"2 CS de jus de citron\r\n2 CS de vinaigre balsamique\r\n2 CS de bouillon ou d\u2019eau\r\n5 CS d\u2019huile d\u2019olive\r\nSel, poivre\r\n2 CS de pignons de pin\r\n250 g d\u2019Emmentaler AOP jeune\r\n1 petit piment rouge\r\n2 melons\r\n2 bouquets de basilic\r\n150 g de roquette\r\n50 g d\u2019olives noires d\u00e9noyaut\u00e9es","recipe_preparation":"Faire une sauce avec le jus de citron, le vinaigre balsamique, le bouillon et l\u2019huile d\u2019olive. Saler, poivrer.\r\n\r\nFaire l\u00e9g\u00e8rement griller les pignons de pin sans mati\u00e8re grasse dans une po\u00eale. Couper l\u2019Emmentaler AOP en d\u00e9s d\u20191 cm environ. Couper le piment en deux dans le sens de la longueur, retirer les p\u00e9pins et le couper en fines lani\u00e8res. Couper le melon en deux, retirer les p\u00e9pins et former des boules avec la chair \u00e0 l\u2019aide d\u2019une cuill\u00e8re parisienne. Effeuiller les brins de basilic.\r\n\r\nAjouter tous les ingr\u00e9dients \u00e0 la sauce, y compris la roquette et les olives et bien m\u00e9langer.","recipe_images":[25661,25671,25676]},"_links":{"self":[{"href":"https:\/\/www.emmentaler.ch\/fr\/wp-json\/wp\/v2\/recipes\/33004"}],"collection":[{"href":"https:\/\/www.emmentaler.ch\/fr\/wp-json\/wp\/v2\/recipes"}],"about":[{"href":"https:\/\/www.emmentaler.ch\/fr\/wp-json\/wp\/v2\/types\/recipes"}],"author":[{"embeddable":true,"href":"https:\/\/www.emmentaler.ch\/fr\/wp-json\/wp\/v2\/users\/2"}],"version-history":[{"count":1,"href":"https:\/\/www.emmentaler.ch\/fr\/wp-json\/wp\/v2\/recipes\/33004\/revisions"}],"predecessor-version":[{"id":137896,"href":"https:\/\/www.emmentaler.ch\/fr\/wp-json\/wp\/v2\/recipes\/33004\/revisions\/137896"}],"acf:attachment":[{"embeddable":true,"href":"https:\/\/www.emmentaler.ch\/fr\/wp-json\/wp\/v2\/media\/25676"},{"embeddable":true,"href":"https:\/\/www.emmentaler.ch\/fr\/wp-json\/wp\/v2\/media\/25671"},{"embeddable":true,"href":"https:\/\/www.emmentaler.ch\/fr\/wp-json\/wp\/v2\/media\/25661"}],"acf:term":[{"embeddable":true,"taxonomy":"recipe_saison","href":"https:\/\/www.emmentaler.ch\/fr\/wp-json\/wp\/v2\/recipe_saison\/548"},{"embeddable":true,"taxonomy":"recipe_saison","href":"https:\/\/www.emmentaler.ch\/fr\/wp-json\/wp\/v2\/recipe_saison\/527"},{"embeddable":true,"taxonomy":"recipe_main_ingredient","href":"https:\/\/www.emmentaler.ch\/fr\/wp-json\/wp\/v2\/recipe_main_ingredient\/591"},{"embeddable":true,"taxonomy":"recipe_diet_type","href":"https:\/\/www.emmentaler.ch\/fr\/wp-json\/wp\/v2\/recipe_diet_type\/572"},{"embeddable":true,"taxonomy":"recipe_diet_type","href":"https:\/\/www.emmentaler.ch\/fr\/wp-json\/wp\/v2\/recipe_diet_type\/564"},{"embeddable":true,"taxonomy":"recipe_difficulty","href":"https:\/\/www.emmentaler.ch\/fr\/wp-json\/wp\/v2\/recipe_difficulty\/575"},{"embeddable":true,"taxonomy":"recipe_categories","href":"https:\/\/www.emmentaler.ch\/fr\/wp-json\/wp\/v2\/recipe_categories\/617"},{"embeddable":true,"taxonomy":"recipe_preparation_time","href":"https:\/\/www.emmentaler.ch\/fr\/wp-json\/wp\/v2\/recipe_preparation_time\/280"}],"acf:post":[{"embeddable":true,"href":"https:\/\/www.emmentaler.ch\/fr\/wp-json\/wp\/v2\/pages\/64320"}],"wp:featuredmedia":[{"embeddable":true,"href":"https:\/\/www.emmentaler.ch\/fr\/wp-json\/wp\/v2\/media\/33045"}],"wp:attachment":[{"href":"https:\/\/www.emmentaler.ch\/fr\/wp-json\/wp\/v2\/media?parent=33004"}],"wp:term":[{"taxonomy":"post_tag","embeddable":true,"href":"https:\/\/www.emmentaler.ch\/fr\/wp-json\/wp\/v2\/tags?post=33004"},{"taxonomy":"recipe_categories","embeddable":true,"href":"https:\/\/www.emmentaler.ch\/fr\/wp-json\/wp\/v2\/recipe_categories?post=33004"},{"taxonomy":"et_countries","embeddable":true,"href":"https:\/\/www.emmentaler.ch\/fr\/wp-json\/wp\/v2\/et_countries?post=33004"},{"taxonomy":"recipe_main_ingredient","embeddable":true,"href":"https:\/\/www.emmentaler.ch\/fr\/wp-json\/wp\/v2\/recipe_main_ingredient?post=33004"},{"taxonomy":"recipe_difficulty","embeddable":true,"href":"https:\/\/www.emmentaler.ch\/fr\/wp-json\/wp\/v2\/recipe_difficulty?post=33004"},{"taxonomy":"recipe_preparation_time","embeddable":true,"href":"https:\/\/www.emmentaler.ch\/fr\/wp-json\/wp\/v2\/recipe_preparation_time?post=33004"},{"taxonomy":"recipe_diet_type","embeddable":true,"href":"https:\/\/www.emmentaler.ch\/fr\/wp-json\/wp\/v2\/recipe_diet_type?post=33004"},{"taxonomy":"recipe_saison","embeddable":true,"href":"https:\/\/www.emmentaler.ch\/fr\/wp-json\/wp\/v2\/recipe_saison?post=33004"}],"curies":[{"name":"wp","href":"https:\/\/api.w.org\/{rel}","templated":true}]}}