{"id":33190,"date":"2022-04-27T13:45:45","date_gmt":"2022-04-27T11:45:45","guid":{"rendered":"https:\/\/www.emmentaler.ch\/rezept\/ravioli-en-forme-de-coeur-sauce-au-prosecco"},"modified":"2022-06-24T14:39:35","modified_gmt":"2022-06-24T12:39:35","slug":"ravioli-en-forme-de-coeur-sauce-au-prosecco","status":"publish","type":"recipes","link":"https:\/\/www.emmentaler.ch\/fr\/recettes\/ravioli-en-forme-de-coeur-sauce-au-prosecco","title":{"rendered":"Ravioli en forme de c\u0153ur, sauce au Prosecco"},"author":2,"featured_media":25981,"menu_order":0,"template":"","meta":{"inline_featured_image":false},"tags":[],"recipe_categories":[617],"et_countries":[],"recipe_main_ingredient":[604],"recipe_difficulty":[583],"recipe_preparation_time":[270],"recipe_diet_type":[572],"recipe_saison":[532,559],"acf":{"recipe_preparation_time":270,"recipe_categories":617,"recipe_time_txt":"","recipe_type":64320,"recipe_difficulty":583,"recipe_diet_type":[572],"recipe_main_ingredient":[604],"recipe_saison":[532,559],"recipe_count_portions":2,"recipe_ingedients":[{"recipe_ingedients_amount":"","recipe_ingedients_unit":"g","recipe_ingedients_product":""}],"temporare_zutaten":"200 g de c\u00e9leri-rave\r\n1 \u00e0 2 dl de bouillon de l\u00e9gumes\r\n100 g d\u2019Emmentaler AOP suisse jeune\r\n50 g de cr\u00e8me aigre\r\nSel, poivre\r\n2 rouleaux de p\u00e2te fra\u00eeche, 250 g\r\n0,5 dl de bouillon (eau de cuisson du c\u00e9leri)\r\n1 dl de Prosecco sec\r\n1,5 dl de cr\u00e8me l\u00e9g\u00e8re pour sauces\r\n1 CC de grains de poivre rose\r\nUn peu de persil pour d\u00e9corer","recipe_preparation":"Eplucher le c\u00e9leri-rave et le couper en d\u00e9s, cuire dans le bouillon de l\u00e9gumes jusqu\u2019\u00e0 tendret\u00e9. Egoutter le c\u00e9leri et r\u00e9server 0,5\u00a0dl de bouillon. Laisser le c\u00e9leri s\u2019\u00e9vaporer dans la casserole sur la plaque \u00e9teinte. Ecraser finement \u00e0 la fourchette.\r\n\r\nR\u00e2per finement l\u2019Emmentaler AOP suisse. M\u00e9langer avec la cr\u00e8me aigre et le c\u00e9leri refroidi, saler et poivrer.\r\n\r\nD\u00e9rouler les bandes de p\u00e2te. D\u00e9couper des c\u0153urs dans la p\u00e2te \u00e0 l\u2019aide d\u2019un emporte-pi\u00e8ce d\u2019environ 10 cm. R\u00e9partir un peu de farce au centre de la moiti\u00e9 des c\u0153urs. Badigeonner les bords d\u2019eau et bien recouvrir avec les c\u0153urs restants. Disposer les raviolis sur une feuille de papier sulfuris\u00e9 saupoudr\u00e9e de farine.\r\n\r\nFaire r\u00e9duire de moiti\u00e9 le bouillon r\u00e9serv\u00e9 avec le Prosecco. Ajouter la cr\u00e8me l\u00e9g\u00e8re pour sauces et laisser fr\u00e9mir jusqu\u2019\u00e0 \u00e9paississement, saler et poivrer.\r\n\r\nFaire cuire les raviolis 3 \u00e0 4\u00a0minutes dans une grande casserole d\u2019eau sal\u00e9e bouillante. Retirer les raviolis de l\u2019eau avec une \u00e9cumoire et les r\u00e9partir sur les assiettes. Napper de sauce et d\u00e9corer avec les grains de poivre rose l\u00e9g\u00e8rement concass\u00e9s et le persil.","recipe_images":[33216,33221,33226]},"_links":{"self":[{"href":"https:\/\/www.emmentaler.ch\/fr\/wp-json\/wp\/v2\/recipes\/33190"}],"collection":[{"href":"https:\/\/www.emmentaler.ch\/fr\/wp-json\/wp\/v2\/recipes"}],"about":[{"href":"https:\/\/www.emmentaler.ch\/fr\/wp-json\/wp\/v2\/types\/recipes"}],"author":[{"embeddable":true,"href":"https:\/\/www.emmentaler.ch\/fr\/wp-json\/wp\/v2\/users\/2"}],"version-history":[{"count":0,"href":"https:\/\/www.emmentaler.ch\/fr\/wp-json\/wp\/v2\/recipes\/33190\/revisions"}],"acf:attachment":[{"embeddable":true,"href":"https:\/\/www.emmentaler.ch\/fr\/wp-json\/wp\/v2\/media\/33226"},{"embeddable":true,"href":"https:\/\/www.emmentaler.ch\/fr\/wp-json\/wp\/v2\/media\/33221"},{"embeddable":true,"href":"https:\/\/www.emmentaler.ch\/fr\/wp-json\/wp\/v2\/media\/33216"}],"acf:term":[{"embeddable":true,"taxonomy":"recipe_saison","href":"https:\/\/www.emmentaler.ch\/fr\/wp-json\/wp\/v2\/recipe_saison\/559"},{"embeddable":true,"taxonomy":"recipe_saison","href":"https:\/\/www.emmentaler.ch\/fr\/wp-json\/wp\/v2\/recipe_saison\/532"},{"embeddable":true,"taxonomy":"recipe_main_ingredient","href":"https:\/\/www.emmentaler.ch\/fr\/wp-json\/wp\/v2\/recipe_main_ingredient\/604"},{"embeddable":true,"taxonomy":"recipe_diet_type","href":"https:\/\/www.emmentaler.ch\/fr\/wp-json\/wp\/v2\/recipe_diet_type\/572"},{"embeddable":true,"taxonomy":"recipe_difficulty","href":"https:\/\/www.emmentaler.ch\/fr\/wp-json\/wp\/v2\/recipe_difficulty\/583"},{"embeddable":true,"taxonomy":"recipe_categories","href":"https:\/\/www.emmentaler.ch\/fr\/wp-json\/wp\/v2\/recipe_categories\/617"},{"embeddable":true,"taxonomy":"recipe_preparation_time","href":"https:\/\/www.emmentaler.ch\/fr\/wp-json\/wp\/v2\/recipe_preparation_time\/270"}],"acf:post":[{"embeddable":true,"href":"https:\/\/www.emmentaler.ch\/fr\/wp-json\/wp\/v2\/pages\/64320"}],"wp:featuredmedia":[{"embeddable":true,"href":"https:\/\/www.emmentaler.ch\/fr\/wp-json\/wp\/v2\/media\/25981"}],"wp:attachment":[{"href":"https:\/\/www.emmentaler.ch\/fr\/wp-json\/wp\/v2\/media?parent=33190"}],"wp:term":[{"taxonomy":"post_tag","embeddable":true,"href":"https:\/\/www.emmentaler.ch\/fr\/wp-json\/wp\/v2\/tags?post=33190"},{"taxonomy":"recipe_categories","embeddable":true,"href":"https:\/\/www.emmentaler.ch\/fr\/wp-json\/wp\/v2\/recipe_categories?post=33190"},{"taxonomy":"et_countries","embeddable":true,"href":"https:\/\/www.emmentaler.ch\/fr\/wp-json\/wp\/v2\/et_countries?post=33190"},{"taxonomy":"recipe_main_ingredient","embeddable":true,"href":"https:\/\/www.emmentaler.ch\/fr\/wp-json\/wp\/v2\/recipe_main_ingredient?post=33190"},{"taxonomy":"recipe_difficulty","embeddable":true,"href":"https:\/\/www.emmentaler.ch\/fr\/wp-json\/wp\/v2\/recipe_difficulty?post=33190"},{"taxonomy":"recipe_preparation_time","embeddable":true,"href":"https:\/\/www.emmentaler.ch\/fr\/wp-json\/wp\/v2\/recipe_preparation_time?post=33190"},{"taxonomy":"recipe_diet_type","embeddable":true,"href":"https:\/\/www.emmentaler.ch\/fr\/wp-json\/wp\/v2\/recipe_diet_type?post=33190"},{"taxonomy":"recipe_saison","embeddable":true,"href":"https:\/\/www.emmentaler.ch\/fr\/wp-json\/wp\/v2\/recipe_saison?post=33190"}],"curies":[{"name":"wp","href":"https:\/\/api.w.org\/{rel}","templated":true}]}}