{"id":33312,"date":"2022-04-27T13:45:45","date_gmt":"2022-04-27T11:45:45","guid":{"rendered":"https:\/\/www.emmentaler.ch\/rezept\/tortillas-a-la-choucroute-et-a-la-saucisse-de-vienne"},"modified":"2022-06-24T14:59:54","modified_gmt":"2022-06-24T12:59:54","slug":"tortillas-a-la-choucroute-et-a-la-saucisse-de-vienne","status":"publish","type":"recipes","link":"https:\/\/www.emmentaler.ch\/fr\/recettes\/tortillas-a-la-choucroute-et-a-la-saucisse-de-vienne","title":{"rendered":"Tortillas \u00e0 la choucroute et \u00e0 la saucisse de Vienne"},"author":2,"featured_media":33353,"menu_order":0,"template":"","meta":{"inline_featured_image":false},"tags":[],"recipe_categories":[617],"et_countries":[],"recipe_main_ingredient":[591],"recipe_difficulty":[575],"recipe_preparation_time":[300],"recipe_diet_type":[567],"recipe_saison":[527,559],"acf":{"recipe_preparation_time":300,"recipe_categories":617,"recipe_time_txt":"15 minutes + 20 minutes au four","recipe_type":64285,"recipe_difficulty":575,"recipe_diet_type":[567],"recipe_main_ingredient":[591],"recipe_saison":[527,559],"recipe_count_portions":4,"recipe_ingedients":[{"recipe_ingedients_amount":"","recipe_ingedients_unit":"g","recipe_ingedients_product":""}],"temporare_zutaten":"1 bo\u00eete de pulpe de tomate, soit env. 800 g\r\nSel, poivre\r\n750 g de choucroute cuite\r\n1 CC de paprika, doux\r\n8 tortillas de bl\u00e9\r\n8 saucisses de Vienne\r\n150 g d\u2019Emmentaler AOP suisse jeune\r\n1 bouquet de ciboulette","recipe_preparation":"Verser les tomates dans un plat allant au four pr\u00e9alablement beurr\u00e9, saler et poivrer. Egoutter bri\u00e8vement la choucroute, assaisonner avec le paprika. R\u00e9partir la choucroute sur les tortillas et poser une saucisse sur chacune d\u2019entre elles. Rouler les tortillas et disposer sur le lit de tomates.\r\n\r\nR\u00e2per grossi\u00e8rement l\u2019Emmentaler AOP suisse, parsemer sur les tortillas. Faire gratiner au four (traditionnel) \u00e0 mi-hauteur \u00e0 200\u00a0\u00b0C pendant environ 20\u00a0minutes.\r\n\r\nD\u00e9couper la ciboulette en petits tron\u00e7ons et parsemer sur les tortillas au moment de servir.","recipe_images":[26032,26027,26037]},"_links":{"self":[{"href":"https:\/\/www.emmentaler.ch\/fr\/wp-json\/wp\/v2\/recipes\/33312"}],"collection":[{"href":"https:\/\/www.emmentaler.ch\/fr\/wp-json\/wp\/v2\/recipes"}],"about":[{"href":"https:\/\/www.emmentaler.ch\/fr\/wp-json\/wp\/v2\/types\/recipes"}],"author":[{"embeddable":true,"href":"https:\/\/www.emmentaler.ch\/fr\/wp-json\/wp\/v2\/users\/2"}],"version-history":[{"count":0,"href":"https:\/\/www.emmentaler.ch\/fr\/wp-json\/wp\/v2\/recipes\/33312\/revisions"}],"acf:attachment":[{"embeddable":true,"href":"https:\/\/www.emmentaler.ch\/fr\/wp-json\/wp\/v2\/media\/26037"},{"embeddable":true,"href":"https:\/\/www.emmentaler.ch\/fr\/wp-json\/wp\/v2\/media\/26027"},{"embeddable":true,"href":"https:\/\/www.emmentaler.ch\/fr\/wp-json\/wp\/v2\/media\/26032"}],"acf:term":[{"embeddable":true,"taxonomy":"recipe_saison","href":"https:\/\/www.emmentaler.ch\/fr\/wp-json\/wp\/v2\/recipe_saison\/559"},{"embeddable":true,"taxonomy":"recipe_saison","href":"https:\/\/www.emmentaler.ch\/fr\/wp-json\/wp\/v2\/recipe_saison\/527"},{"embeddable":true,"taxonomy":"recipe_main_ingredient","href":"https:\/\/www.emmentaler.ch\/fr\/wp-json\/wp\/v2\/recipe_main_ingredient\/591"},{"embeddable":true,"taxonomy":"recipe_diet_type","href":"https:\/\/www.emmentaler.ch\/fr\/wp-json\/wp\/v2\/recipe_diet_type\/567"},{"embeddable":true,"taxonomy":"recipe_difficulty","href":"https:\/\/www.emmentaler.ch\/fr\/wp-json\/wp\/v2\/recipe_difficulty\/575"},{"embeddable":true,"taxonomy":"recipe_categories","href":"https:\/\/www.emmentaler.ch\/fr\/wp-json\/wp\/v2\/recipe_categories\/617"},{"embeddable":true,"taxonomy":"recipe_preparation_time","href":"https:\/\/www.emmentaler.ch\/fr\/wp-json\/wp\/v2\/recipe_preparation_time\/300"}],"acf:post":[{"embeddable":true,"href":"https:\/\/www.emmentaler.ch\/fr\/wp-json\/wp\/v2\/pages\/64285"}],"wp:featuredmedia":[{"embeddable":true,"href":"https:\/\/www.emmentaler.ch\/fr\/wp-json\/wp\/v2\/media\/33353"}],"wp:attachment":[{"href":"https:\/\/www.emmentaler.ch\/fr\/wp-json\/wp\/v2\/media?parent=33312"}],"wp:term":[{"taxonomy":"post_tag","embeddable":true,"href":"https:\/\/www.emmentaler.ch\/fr\/wp-json\/wp\/v2\/tags?post=33312"},{"taxonomy":"recipe_categories","embeddable":true,"href":"https:\/\/www.emmentaler.ch\/fr\/wp-json\/wp\/v2\/recipe_categories?post=33312"},{"taxonomy":"et_countries","embeddable":true,"href":"https:\/\/www.emmentaler.ch\/fr\/wp-json\/wp\/v2\/et_countries?post=33312"},{"taxonomy":"recipe_main_ingredient","embeddable":true,"href":"https:\/\/www.emmentaler.ch\/fr\/wp-json\/wp\/v2\/recipe_main_ingredient?post=33312"},{"taxonomy":"recipe_difficulty","embeddable":true,"href":"https:\/\/www.emmentaler.ch\/fr\/wp-json\/wp\/v2\/recipe_difficulty?post=33312"},{"taxonomy":"recipe_preparation_time","embeddable":true,"href":"https:\/\/www.emmentaler.ch\/fr\/wp-json\/wp\/v2\/recipe_preparation_time?post=33312"},{"taxonomy":"recipe_diet_type","embeddable":true,"href":"https:\/\/www.emmentaler.ch\/fr\/wp-json\/wp\/v2\/recipe_diet_type?post=33312"},{"taxonomy":"recipe_saison","embeddable":true,"href":"https:\/\/www.emmentaler.ch\/fr\/wp-json\/wp\/v2\/recipe_saison?post=33312"}],"curies":[{"name":"wp","href":"https:\/\/api.w.org\/{rel}","templated":true}]}}