{"id":33373,"date":"2022-04-27T13:38:44","date_gmt":"2022-04-27T11:38:44","guid":{"rendered":"https:\/\/www.emmentaler.ch\/rezept\/gratin-de-pates-aux-poireaux"},"modified":"2022-08-12T17:26:07","modified_gmt":"2022-08-12T15:26:07","slug":"gratin-de-pates-aux-poireaux","status":"publish","type":"recipes","link":"https:\/\/www.emmentaler.ch\/fr\/recettes\/gratin-de-pates-aux-poireaux","title":{"rendered":"Gratin de p\u00e2tes aux poireaux"},"author":2,"featured_media":22846,"menu_order":0,"template":"","meta":{"inline_featured_image":false},"tags":[],"recipe_categories":[617],"et_countries":[],"recipe_main_ingredient":[604],"recipe_difficulty":[580],"recipe_preparation_time":[278],"recipe_diet_type":[],"recipe_saison":[559],"acf":{"recipe_preparation_time":278,"recipe_categories":617,"recipe_time_txt":"30 minutes plus 30 minutes de cuisson","recipe_type":64303,"recipe_difficulty":580,"recipe_diet_type":false,"recipe_main_ingredient":[604],"recipe_saison":[559],"recipe_count_portions":4,"recipe_ingedients":[{"recipe_ingedients_amount":"","recipe_ingedients_unit":"g","recipe_ingedients_product":""}],"temporare_zutaten":"800 g de poireaux\r\n1 bouquet de persil\r\n1 gros oignon\r\n2 gousses d'ail\r\n1 cs d'huile d'olive\r\n1 dl de vin blanc\r\n3 dl de bouillon\r\n1 cc de cumin\r\n100 g de jambon en petits d\u00e9s\r\n1,5 dl de cr\u00e8me\r\nSel, poivre, noix de muscade\r\n300 g feuille \u00e0 Lasagne sans pr\u00e9-cuisson\r\n150 g d'Emmentaler AOC r\u00e2p\u00e9\r\n2 cs de chapelure","recipe_preparation":"Couper les poireaux en rondelles de 1 cm de large. Hacher finement le persil, l\u2019oignon et l'ail. Faire revenir l\u2019oignon et l'ail dans de l'huile chaude. Ajouter les poireaux 1-2 minutes. Verser le vin blanc, laisser mijoter un instant. Ajouter le bouillon et le cumin, laisser mijoter 3 minutes.\r\n\r\nM\u00e9langer le jambon en d\u00e9s, la cr\u00e8me et le persil aux poireaux, assaisonner avec du sel, du poivre et de la noix de muscade. Briser les feuilles de Lasagne en morceaux de 5 cm. R\u00e9partir 1\/3 des morceaux dans un moule \u00e0 gratin (env. 20 x 30 cm) ou des moules de petites portions. Verser 1\/3 des poireaux par dessus ainsi que 1 cuill\u00e8re \u00e0 soupe d'Emmentaler AOC. Continuer jusqu'\u00e0 qu'il n'y ait plus de poireaux ni de morceaux de Lasagne. R\u00e9partir le reste du fromage et la chapelure par dessus.\r\n\r\nCuire au four \u00e0 200 degr\u00e9s env. 30 minutes.","recipe_images":[33389]},"_links":{"self":[{"href":"https:\/\/www.emmentaler.ch\/fr\/wp-json\/wp\/v2\/recipes\/33373"}],"collection":[{"href":"https:\/\/www.emmentaler.ch\/fr\/wp-json\/wp\/v2\/recipes"}],"about":[{"href":"https:\/\/www.emmentaler.ch\/fr\/wp-json\/wp\/v2\/types\/recipes"}],"author":[{"embeddable":true,"href":"https:\/\/www.emmentaler.ch\/fr\/wp-json\/wp\/v2\/users\/2"}],"version-history":[{"count":0,"href":"https:\/\/www.emmentaler.ch\/fr\/wp-json\/wp\/v2\/recipes\/33373\/revisions"}],"acf:attachment":[{"embeddable":true,"href":"https:\/\/www.emmentaler.ch\/fr\/wp-json\/wp\/v2\/media\/33389"}],"acf:term":[{"embeddable":true,"taxonomy":"recipe_saison","href":"https:\/\/www.emmentaler.ch\/fr\/wp-json\/wp\/v2\/recipe_saison\/559"},{"embeddable":true,"taxonomy":"recipe_main_ingredient","href":"https:\/\/www.emmentaler.ch\/fr\/wp-json\/wp\/v2\/recipe_main_ingredient\/604"},{"embeddable":true,"taxonomy":"recipe_difficulty","href":"https:\/\/www.emmentaler.ch\/fr\/wp-json\/wp\/v2\/recipe_difficulty\/580"},{"embeddable":true,"taxonomy":"recipe_categories","href":"https:\/\/www.emmentaler.ch\/fr\/wp-json\/wp\/v2\/recipe_categories\/617"},{"embeddable":true,"taxonomy":"recipe_preparation_time","href":"https:\/\/www.emmentaler.ch\/fr\/wp-json\/wp\/v2\/recipe_preparation_time\/278"}],"acf:post":[{"embeddable":true,"href":"https:\/\/www.emmentaler.ch\/fr\/wp-json\/wp\/v2\/pages\/64303"}],"wp:featuredmedia":[{"embeddable":true,"href":"https:\/\/www.emmentaler.ch\/fr\/wp-json\/wp\/v2\/media\/22846"}],"wp:attachment":[{"href":"https:\/\/www.emmentaler.ch\/fr\/wp-json\/wp\/v2\/media?parent=33373"}],"wp:term":[{"taxonomy":"post_tag","embeddable":true,"href":"https:\/\/www.emmentaler.ch\/fr\/wp-json\/wp\/v2\/tags?post=33373"},{"taxonomy":"recipe_categories","embeddable":true,"href":"https:\/\/www.emmentaler.ch\/fr\/wp-json\/wp\/v2\/recipe_categories?post=33373"},{"taxonomy":"et_countries","embeddable":true,"href":"https:\/\/www.emmentaler.ch\/fr\/wp-json\/wp\/v2\/et_countries?post=33373"},{"taxonomy":"recipe_main_ingredient","embeddable":true,"href":"https:\/\/www.emmentaler.ch\/fr\/wp-json\/wp\/v2\/recipe_main_ingredient?post=33373"},{"taxonomy":"recipe_difficulty","embeddable":true,"href":"https:\/\/www.emmentaler.ch\/fr\/wp-json\/wp\/v2\/recipe_difficulty?post=33373"},{"taxonomy":"recipe_preparation_time","embeddable":true,"href":"https:\/\/www.emmentaler.ch\/fr\/wp-json\/wp\/v2\/recipe_preparation_time?post=33373"},{"taxonomy":"recipe_diet_type","embeddable":true,"href":"https:\/\/www.emmentaler.ch\/fr\/wp-json\/wp\/v2\/recipe_diet_type?post=33373"},{"taxonomy":"recipe_saison","embeddable":true,"href":"https:\/\/www.emmentaler.ch\/fr\/wp-json\/wp\/v2\/recipe_saison?post=33373"}],"curies":[{"name":"wp","href":"https:\/\/api.w.org\/{rel}","templated":true}]}}