{"id":33465,"date":"2022-04-27T13:47:25","date_gmt":"2022-04-27T11:47:25","guid":{"rendered":"https:\/\/www.emmentaler.ch\/rezept\/emmentaler-kartoffel-zwiebelwaehe"},"modified":"2023-03-31T12:26:35","modified_gmt":"2023-03-31T10:26:35","slug":"emmentaler-kartoffel-zwiebelwaehe","status":"publish","type":"recipes","link":"https:\/\/www.emmentaler.ch\/fr\/recettes\/emmentaler-kartoffel-zwiebelwaehe","title":{"rendered":"Emmentaler Kartoffel-Zwiebelw\u00e4he"},"author":2,"featured_media":26114,"menu_order":0,"template":"","meta":{"inline_featured_image":false},"tags":[],"recipe_categories":[617],"et_countries":[],"recipe_main_ingredient":[604],"recipe_difficulty":[580],"recipe_preparation_time":[288],"recipe_diet_type":[572],"recipe_saison":[559],"acf":{"recipe_preparation_time":288,"recipe_categories":617,"recipe_time_txt":"25 minutes + 30 minutes de cuisson","recipe_type":64283,"recipe_difficulty":580,"recipe_diet_type":[572],"recipe_main_ingredient":[604],"recipe_saison":[559],"recipe_count_portions":4,"recipe_ingedients":[{"recipe_ingedients_amount":"75","recipe_ingedients_unit":"g","recipe_ingedients_product":"d\u2019oignons rouges"},{"recipe_ingedients_amount":"6","recipe_ingedients_unit":"g","recipe_ingedients_product":"de beurre"},{"recipe_ingedients_amount":"75","recipe_ingedients_unit":"g","recipe_ingedients_product":"de pommes de terre en robe des champs, cuites la veille"},{"recipe_ingedients_amount":".25","recipe_ingedients_unit":"Bd","recipe_ingedients_product":"de persil"},{"recipe_ingedients_amount":".125","recipe_ingedients_unit":"Bd","recipe_ingedients_product":"de marjolaine fra\u00eeche"},{"recipe_ingedients_amount":".5","recipe_ingedients_unit":"St\u00fcck","recipe_ingedients_product":"\u0153ufs"},{"recipe_ingedients_amount":"25","recipe_ingedients_unit":"ml","recipe_ingedients_product":"de lait"},{"recipe_ingedients_amount":"50","recipe_ingedients_unit":"ml","recipe_ingedients_product":"de cr\u00e8me aigre demi-\u00e9cr\u00e9m\u00e9e, r\u00e9sistant \u00e0 la cuisson"},{"recipe_ingedients_amount":"37.5","recipe_ingedients_unit":"g","recipe_ingedients_product":"d\u2019Emmentaler AOP, r\u00e2p\u00e9"},{"recipe_ingedients_amount":".25","recipe_ingedients_unit":"St\u00fcck","recipe_ingedients_product":"p\u00e2te \u00e0 tarte ronde abaiss\u00e9e"},{"recipe_ingedients_amount":"","recipe_ingedients_unit":"Bedarf","recipe_ingedients_product":"Sel, poivre et noix de muscade"}],"temporare_zutaten":"300 g d\u2019oignons rouges\r\n25 g de beurre\r\n300 g de pommes de terre en robe des champs, cuites la veille\r\n1 bouquet de persil\r\n\u00bd bouquet de marjolaine fra\u00eeche\r\n2 \u0153ufs\r\n1 dl de lait\r\n2 dl de cr\u00e8me aigre demi-\u00e9cr\u00e9m\u00e9e, r\u00e9sistant \u00e0 la cuisson\r\n150 g d\u2019Emmentaler AOP, r\u00e2p\u00e9\r\nSel, poivre et noix de muscade\r\n1 p\u00e2te \u00e0 tarte ronde abaiss\u00e9e","recipe_preparation":"<span style=\"font-weight: 400;\">Eplucher les oignons, les couper en rondelles. Faire chauffer le beurre dans une po\u00eale, y faire revenir les oignons environ 5\u00a0minutes. Eplucher les pommes de terre et les r\u00e2per \u00e0 l\u2019aide d\u2019une r\u00e2pe fine. Hacher finement les herbes aromatiques. Battre les \u0153ufs, m\u00e9langer avec le lait, la cr\u00e8me, l\u2019Emmentaler AOP et les herbes. Saler, poivrer et relever avec la noix de muscade.<\/span>\r\n\r\n<span style=\"font-weight: 400;\">Garnir le moule de p\u00e2te. R\u00e9partir la garniture. Cuire environ 30\u00a0minutes \u00e0 200\u00a0\u00b0C dans le tiers inf\u00e9rieur du four.<\/span>","recipe_images":[26114]},"_links":{"self":[{"href":"https:\/\/www.emmentaler.ch\/fr\/wp-json\/wp\/v2\/recipes\/33465"}],"collection":[{"href":"https:\/\/www.emmentaler.ch\/fr\/wp-json\/wp\/v2\/recipes"}],"about":[{"href":"https:\/\/www.emmentaler.ch\/fr\/wp-json\/wp\/v2\/types\/recipes"}],"author":[{"embeddable":true,"href":"https:\/\/www.emmentaler.ch\/fr\/wp-json\/wp\/v2\/users\/2"}],"version-history":[{"count":0,"href":"https:\/\/www.emmentaler.ch\/fr\/wp-json\/wp\/v2\/recipes\/33465\/revisions"}],"acf:attachment":[{"embeddable":true,"href":"https:\/\/www.emmentaler.ch\/fr\/wp-json\/wp\/v2\/media\/26114"}],"acf:term":[{"embeddable":true,"taxonomy":"recipe_saison","href":"https:\/\/www.emmentaler.ch\/fr\/wp-json\/wp\/v2\/recipe_saison\/559"},{"embeddable":true,"taxonomy":"recipe_main_ingredient","href":"https:\/\/www.emmentaler.ch\/fr\/wp-json\/wp\/v2\/recipe_main_ingredient\/604"},{"embeddable":true,"taxonomy":"recipe_diet_type","href":"https:\/\/www.emmentaler.ch\/fr\/wp-json\/wp\/v2\/recipe_diet_type\/572"},{"embeddable":true,"taxonomy":"recipe_difficulty","href":"https:\/\/www.emmentaler.ch\/fr\/wp-json\/wp\/v2\/recipe_difficulty\/580"},{"embeddable":true,"taxonomy":"recipe_categories","href":"https:\/\/www.emmentaler.ch\/fr\/wp-json\/wp\/v2\/recipe_categories\/617"},{"embeddable":true,"taxonomy":"recipe_preparation_time","href":"https:\/\/www.emmentaler.ch\/fr\/wp-json\/wp\/v2\/recipe_preparation_time\/288"}],"acf:post":[{"embeddable":true,"href":"https:\/\/www.emmentaler.ch\/fr\/wp-json\/wp\/v2\/pages\/64283"}],"wp:featuredmedia":[{"embeddable":true,"href":"https:\/\/www.emmentaler.ch\/fr\/wp-json\/wp\/v2\/media\/26114"}],"wp:attachment":[{"href":"https:\/\/www.emmentaler.ch\/fr\/wp-json\/wp\/v2\/media?parent=33465"}],"wp:term":[{"taxonomy":"post_tag","embeddable":true,"href":"https:\/\/www.emmentaler.ch\/fr\/wp-json\/wp\/v2\/tags?post=33465"},{"taxonomy":"recipe_categories","embeddable":true,"href":"https:\/\/www.emmentaler.ch\/fr\/wp-json\/wp\/v2\/recipe_categories?post=33465"},{"taxonomy":"et_countries","embeddable":true,"href":"https:\/\/www.emmentaler.ch\/fr\/wp-json\/wp\/v2\/et_countries?post=33465"},{"taxonomy":"recipe_main_ingredient","embeddable":true,"href":"https:\/\/www.emmentaler.ch\/fr\/wp-json\/wp\/v2\/recipe_main_ingredient?post=33465"},{"taxonomy":"recipe_difficulty","embeddable":true,"href":"https:\/\/www.emmentaler.ch\/fr\/wp-json\/wp\/v2\/recipe_difficulty?post=33465"},{"taxonomy":"recipe_preparation_time","embeddable":true,"href":"https:\/\/www.emmentaler.ch\/fr\/wp-json\/wp\/v2\/recipe_preparation_time?post=33465"},{"taxonomy":"recipe_diet_type","embeddable":true,"href":"https:\/\/www.emmentaler.ch\/fr\/wp-json\/wp\/v2\/recipe_diet_type?post=33465"},{"taxonomy":"recipe_saison","embeddable":true,"href":"https:\/\/www.emmentaler.ch\/fr\/wp-json\/wp\/v2\/recipe_saison?post=33465"}],"curies":[{"name":"wp","href":"https:\/\/api.w.org\/{rel}","templated":true}]}}