{"id":33558,"date":"2022-04-27T13:47:25","date_gmt":"2022-04-27T11:47:25","guid":{"rendered":"https:\/\/www.emmentaler.ch\/rezept\/oeufs-brouilles-a-lemmentaler-en-sandwich"},"modified":"2024-07-25T12:25:11","modified_gmt":"2024-07-25T10:25:11","slug":"oeufs-brouilles-a-lemmentaler-en-sandwich","status":"publish","type":"recipes","link":"https:\/\/www.emmentaler.ch\/fr\/recettes\/oeufs-brouilles-a-lemmentaler-en-sandwich","title":{"rendered":"\u0152ufs brouill\u00e9s \u00e0 l\u2019Emmentaler en sandwich"},"author":2,"featured_media":47929,"menu_order":0,"template":"","meta":{"inline_featured_image":false},"tags":[841,802],"recipe_categories":[609],"et_countries":[],"recipe_main_ingredient":[],"recipe_difficulty":[575],"recipe_preparation_time":[701],"recipe_diet_type":[572],"recipe_saison":[559],"acf":{"recipe_preparation_time":701,"recipe_categories":609,"recipe_time_txt":"","recipe_type":64272,"recipe_difficulty":575,"recipe_diet_type":[572],"recipe_main_ingredient":false,"recipe_saison":[559],"recipe_count_portions":2,"recipe_ingedients":[{"recipe_ingedients_amount":"","recipe_ingedients_unit":"g","recipe_ingedients_product":""}],"temporare_zutaten":"2 petits pains\r\n1 bouquet de fines herbes m\u00e9lang\u00e9es, par ex. ciboulette, persil, aneth\r\n3 \u0153ufs\r\n3 CS de lait\r\nSel, poivre\r\n75 g d\u2019Emmentaler AOP doux, r\u00e2p\u00e9\r\n1-2 oignons nouveaux\r\n1 CS de beurre","recipe_preparation":"Couper les petits pains en deux horizontalement, retirer la mie (r\u00e9utiliser autrement). Hacher finement les herbes. Battre les \u0153ufs avec le lait, le sel et le poivre. Ajouter l\u2019Emmentaler AOP et les herbes.\r\n\r\nCouper les oignons de printemps en fines rondelles avec le vert. Faire fondre le beurre dans une petite po\u00eale antiadh\u00e9sive, y faire revenir les oignons nouveaux 1-2 minutes. Verser la pr\u00e9paration \u00e0 base d\u2019\u0153uf et m\u00e9langer \u00e0 petit feu \u00e0 l\u2019aide d\u2019une spatule jusqu\u2019\u00e0 \u00e9paississement.\r\n\r\nR\u00e9partir les \u0153ufs brouill\u00e9s sur le fond des deux petits pains. Fermer avec l\u2019autre moiti\u00e9 et appuyer l\u00e9g\u00e8rement. Se mange chaud ou froid.","recipe_images":[26145]},"_links":{"self":[{"href":"https:\/\/www.emmentaler.ch\/fr\/wp-json\/wp\/v2\/recipes\/33558"}],"collection":[{"href":"https:\/\/www.emmentaler.ch\/fr\/wp-json\/wp\/v2\/recipes"}],"about":[{"href":"https:\/\/www.emmentaler.ch\/fr\/wp-json\/wp\/v2\/types\/recipes"}],"author":[{"embeddable":true,"href":"https:\/\/www.emmentaler.ch\/fr\/wp-json\/wp\/v2\/users\/2"}],"version-history":[{"count":1,"href":"https:\/\/www.emmentaler.ch\/fr\/wp-json\/wp\/v2\/recipes\/33558\/revisions"}],"predecessor-version":[{"id":137884,"href":"https:\/\/www.emmentaler.ch\/fr\/wp-json\/wp\/v2\/recipes\/33558\/revisions\/137884"}],"acf:attachment":[{"embeddable":true,"href":"https:\/\/www.emmentaler.ch\/fr\/wp-json\/wp\/v2\/media\/26145"}],"acf:term":[{"embeddable":true,"taxonomy":"recipe_saison","href":"https:\/\/www.emmentaler.ch\/fr\/wp-json\/wp\/v2\/recipe_saison\/559"},{"embeddable":true,"taxonomy":"recipe_diet_type","href":"https:\/\/www.emmentaler.ch\/fr\/wp-json\/wp\/v2\/recipe_diet_type\/572"},{"embeddable":true,"taxonomy":"recipe_difficulty","href":"https:\/\/www.emmentaler.ch\/fr\/wp-json\/wp\/v2\/recipe_difficulty\/575"},{"embeddable":true,"taxonomy":"recipe_categories","href":"https:\/\/www.emmentaler.ch\/fr\/wp-json\/wp\/v2\/recipe_categories\/609"},{"embeddable":true,"taxonomy":"recipe_preparation_time","href":"https:\/\/www.emmentaler.ch\/fr\/wp-json\/wp\/v2\/recipe_preparation_time\/701"}],"acf:post":[{"embeddable":true,"href":"https:\/\/www.emmentaler.ch\/fr\/wp-json\/wp\/v2\/pages\/64272"}],"wp:featuredmedia":[{"embeddable":true,"href":"https:\/\/www.emmentaler.ch\/fr\/wp-json\/wp\/v2\/media\/47929"}],"wp:attachment":[{"href":"https:\/\/www.emmentaler.ch\/fr\/wp-json\/wp\/v2\/media?parent=33558"}],"wp:term":[{"taxonomy":"post_tag","embeddable":true,"href":"https:\/\/www.emmentaler.ch\/fr\/wp-json\/wp\/v2\/tags?post=33558"},{"taxonomy":"recipe_categories","embeddable":true,"href":"https:\/\/www.emmentaler.ch\/fr\/wp-json\/wp\/v2\/recipe_categories?post=33558"},{"taxonomy":"et_countries","embeddable":true,"href":"https:\/\/www.emmentaler.ch\/fr\/wp-json\/wp\/v2\/et_countries?post=33558"},{"taxonomy":"recipe_main_ingredient","embeddable":true,"href":"https:\/\/www.emmentaler.ch\/fr\/wp-json\/wp\/v2\/recipe_main_ingredient?post=33558"},{"taxonomy":"recipe_difficulty","embeddable":true,"href":"https:\/\/www.emmentaler.ch\/fr\/wp-json\/wp\/v2\/recipe_difficulty?post=33558"},{"taxonomy":"recipe_preparation_time","embeddable":true,"href":"https:\/\/www.emmentaler.ch\/fr\/wp-json\/wp\/v2\/recipe_preparation_time?post=33558"},{"taxonomy":"recipe_diet_type","embeddable":true,"href":"https:\/\/www.emmentaler.ch\/fr\/wp-json\/wp\/v2\/recipe_diet_type?post=33558"},{"taxonomy":"recipe_saison","embeddable":true,"href":"https:\/\/www.emmentaler.ch\/fr\/wp-json\/wp\/v2\/recipe_saison?post=33558"}],"curies":[{"name":"wp","href":"https:\/\/api.w.org\/{rel}","templated":true}]}}