{"id":33713,"date":"2022-04-27T13:47:25","date_gmt":"2022-04-27T11:47:25","guid":{"rendered":"https:\/\/www.emmentaler.ch\/rezept\/courgettes-farcies-au-fromage"},"modified":"2022-08-19T11:52:32","modified_gmt":"2022-08-19T09:52:32","slug":"courgettes-farcies-au-fromage","status":"publish","type":"recipes","link":"https:\/\/www.emmentaler.ch\/fr\/recettes\/courgettes-farcies-au-fromage","title":{"rendered":"Courgettes farcies au fromage"},"author":2,"featured_media":33729,"menu_order":0,"template":"","meta":{"inline_featured_image":false},"tags":[],"recipe_categories":[609],"et_countries":[],"recipe_main_ingredient":[604],"recipe_difficulty":[575],"recipe_preparation_time":[278],"recipe_diet_type":[572],"recipe_saison":[527,559],"acf":{"recipe_preparation_time":278,"recipe_categories":609,"recipe_time_txt":"30 minutes + 30 minutes de cuisson","recipe_type":64290,"recipe_difficulty":575,"recipe_diet_type":[572],"recipe_main_ingredient":[604],"recipe_saison":[527,559],"recipe_count_portions":4,"recipe_ingedients":[{"recipe_ingedients_amount":"","recipe_ingedients_unit":"g","recipe_ingedients_product":""}],"temporare_zutaten":"1 bouquet de persil\r\n\u00bd bouquet de basilic\r\n50 g de tomates s\u00e9ch\u00e9es marin\u00e9es \u00e0 l\u2019huile\r\n50 g d\u2019olives noires d\u00e9noyaut\u00e9es\r\n2 CS de chapelure\r\n2 CS de graines de tournesol\r\n2 jaunes d\u2019\u0153uf\r\n175 g d\u2019Emmentaler AOP jeune, r\u00e2p\u00e9\r\nSel, poivre\r\n2 bo\u00eetes de tomates concass\u00e9es (400 g chacune)\r\n1 dl de bouillon\r\n800 g de grosses courgettes","recipe_preparation":"<span style=\"font-weight: 400;\">Hacher finement les herbes, les tomates s\u00e9ch\u00e9es et les olives, verser dans un saladier. Ajouter la chapelure, les graines de tournesol, les jaunes d\u2019\u0153uf, l\u2019Emmentaler AOP, le sel et le poivre et bien m\u00e9langer le tout.\u00a0<\/span>\r\n\r\n<span style=\"font-weight: 400;\">M\u00e9langer les tomates concass\u00e9es et le bouillon, saler, poivrer et verser dans un plat \u00e0 gratin. Couper les courgettes en morceaux de 4-5\u00a0cm de long. Creuser la partie centrale \u00e0 l\u2019aide d\u2019un vide-pomme. Farcir les courgettes avec la pr\u00e9paration \u00e0 base de fromage et disposer dans le moule.\u00a0<\/span>\r\n\r\n<span style=\"font-weight: 400;\">Cuire environ 30\u00a0minutes \u00e0 180\u00a0\u00b0C.<\/span>","recipe_images":[26171]},"_links":{"self":[{"href":"https:\/\/www.emmentaler.ch\/fr\/wp-json\/wp\/v2\/recipes\/33713"}],"collection":[{"href":"https:\/\/www.emmentaler.ch\/fr\/wp-json\/wp\/v2\/recipes"}],"about":[{"href":"https:\/\/www.emmentaler.ch\/fr\/wp-json\/wp\/v2\/types\/recipes"}],"author":[{"embeddable":true,"href":"https:\/\/www.emmentaler.ch\/fr\/wp-json\/wp\/v2\/users\/2"}],"version-history":[{"count":0,"href":"https:\/\/www.emmentaler.ch\/fr\/wp-json\/wp\/v2\/recipes\/33713\/revisions"}],"acf:attachment":[{"embeddable":true,"href":"https:\/\/www.emmentaler.ch\/fr\/wp-json\/wp\/v2\/media\/26171"}],"acf:term":[{"embeddable":true,"taxonomy":"recipe_saison","href":"https:\/\/www.emmentaler.ch\/fr\/wp-json\/wp\/v2\/recipe_saison\/559"},{"embeddable":true,"taxonomy":"recipe_saison","href":"https:\/\/www.emmentaler.ch\/fr\/wp-json\/wp\/v2\/recipe_saison\/527"},{"embeddable":true,"taxonomy":"recipe_main_ingredient","href":"https:\/\/www.emmentaler.ch\/fr\/wp-json\/wp\/v2\/recipe_main_ingredient\/604"},{"embeddable":true,"taxonomy":"recipe_diet_type","href":"https:\/\/www.emmentaler.ch\/fr\/wp-json\/wp\/v2\/recipe_diet_type\/572"},{"embeddable":true,"taxonomy":"recipe_difficulty","href":"https:\/\/www.emmentaler.ch\/fr\/wp-json\/wp\/v2\/recipe_difficulty\/575"},{"embeddable":true,"taxonomy":"recipe_categories","href":"https:\/\/www.emmentaler.ch\/fr\/wp-json\/wp\/v2\/recipe_categories\/609"},{"embeddable":true,"taxonomy":"recipe_preparation_time","href":"https:\/\/www.emmentaler.ch\/fr\/wp-json\/wp\/v2\/recipe_preparation_time\/278"}],"acf:post":[{"embeddable":true,"href":"https:\/\/www.emmentaler.ch\/fr\/wp-json\/wp\/v2\/pages\/64290"}],"wp:featuredmedia":[{"embeddable":true,"href":"https:\/\/www.emmentaler.ch\/fr\/wp-json\/wp\/v2\/media\/33729"}],"wp:attachment":[{"href":"https:\/\/www.emmentaler.ch\/fr\/wp-json\/wp\/v2\/media?parent=33713"}],"wp:term":[{"taxonomy":"post_tag","embeddable":true,"href":"https:\/\/www.emmentaler.ch\/fr\/wp-json\/wp\/v2\/tags?post=33713"},{"taxonomy":"recipe_categories","embeddable":true,"href":"https:\/\/www.emmentaler.ch\/fr\/wp-json\/wp\/v2\/recipe_categories?post=33713"},{"taxonomy":"et_countries","embeddable":true,"href":"https:\/\/www.emmentaler.ch\/fr\/wp-json\/wp\/v2\/et_countries?post=33713"},{"taxonomy":"recipe_main_ingredient","embeddable":true,"href":"https:\/\/www.emmentaler.ch\/fr\/wp-json\/wp\/v2\/recipe_main_ingredient?post=33713"},{"taxonomy":"recipe_difficulty","embeddable":true,"href":"https:\/\/www.emmentaler.ch\/fr\/wp-json\/wp\/v2\/recipe_difficulty?post=33713"},{"taxonomy":"recipe_preparation_time","embeddable":true,"href":"https:\/\/www.emmentaler.ch\/fr\/wp-json\/wp\/v2\/recipe_preparation_time?post=33713"},{"taxonomy":"recipe_diet_type","embeddable":true,"href":"https:\/\/www.emmentaler.ch\/fr\/wp-json\/wp\/v2\/recipe_diet_type?post=33713"},{"taxonomy":"recipe_saison","embeddable":true,"href":"https:\/\/www.emmentaler.ch\/fr\/wp-json\/wp\/v2\/recipe_saison?post=33713"}],"curies":[{"name":"wp","href":"https:\/\/api.w.org\/{rel}","templated":true}]}}