{"id":33837,"date":"2022-04-27T13:39:22","date_gmt":"2022-04-27T11:39:22","guid":{"rendered":"https:\/\/www.emmentaler.ch\/rezept\/orecchiette-aux-morilles"},"modified":"2022-08-16T10:32:04","modified_gmt":"2022-08-16T08:32:04","slug":"orecchiette-aux-morilles","status":"publish","type":"recipes","link":"https:\/\/www.emmentaler.ch\/fr\/recettes\/orecchiette-aux-morilles","title":{"rendered":"Orecchiette aux morilles"},"author":2,"featured_media":33858,"menu_order":0,"template":"","meta":{"inline_featured_image":false},"tags":[],"recipe_categories":[617],"et_countries":[],"recipe_main_ingredient":[596,604],"recipe_difficulty":[580],"recipe_preparation_time":[272],"recipe_diet_type":[572],"recipe_saison":[548,532],"acf":{"recipe_preparation_time":272,"recipe_categories":617,"recipe_time_txt":"","recipe_type":64281,"recipe_difficulty":580,"recipe_diet_type":[572],"recipe_main_ingredient":[596,604],"recipe_saison":[532,548],"recipe_count_portions":4,"recipe_ingedients":[{"recipe_ingedients_amount":"","recipe_ingedients_unit":"g","recipe_ingedients_product":""}],"temporare_zutaten":"20 g de morilles s\u00e9ch\u00e9es\r\n300 g d'asperges vertes\r\n2 \u00e9chalotes\r\n125 g d'Emmentaler sal\u00e9 AOP\r\n2 c. \u00e0 s. de beurre\r\n400 g d'orecchiette ou autre petites p\u00e2tes\r\nEnviron 1 l de bouillonde l\u00e9gumes chaud\r\n0,5 dl de Sherry\r\n1,5 dl de cr\u00e8me\r\nSel, poivre\r\n1 botte de ciboulette","recipe_preparation":"Faire tremper les morilles dans de l'eau chaude pendant 20 minutes. Laver soigneusement les morilles sous l'eau courante et les couper en 2 ou en 4.\r\n\r\nEplucher le dernier tiers des asperges et les couper en petits morceaux. Hacher finement les \u00e9chalotes. R\u00e2per finement le fromage. Faire revenir la moiti\u00e9 des \u00e9chalotes dans une cuill\u00e8re \u00e0 soupe de beurre. Ajouter les orecchiette. Ajouter le bouillon au fur et \u00e0 mesure en remuant r\u00e9guli\u00e8rement. Ajouter les asperges apr\u00e8s 15 minutes et poursuivre la cuisson pendant 10-15 minutes.\r\n\r\nFaire revenir le reste des \u00e9chalotes et les morilles dans une cuill\u00e8re \u00e0 soupe de beurre. Ajouter le Sherry et faire mijoter. Ajouter la cr\u00e8me et faire mijoter quelques minutes, saler et poivrer. Incorporer les morilles et le fromage aux orecchiette cuites. Couper la ciboulette en rondelles et la saupoudrer sur les orecchiette.","recipe_images":[33848]},"_links":{"self":[{"href":"https:\/\/www.emmentaler.ch\/fr\/wp-json\/wp\/v2\/recipes\/33837"}],"collection":[{"href":"https:\/\/www.emmentaler.ch\/fr\/wp-json\/wp\/v2\/recipes"}],"about":[{"href":"https:\/\/www.emmentaler.ch\/fr\/wp-json\/wp\/v2\/types\/recipes"}],"author":[{"embeddable":true,"href":"https:\/\/www.emmentaler.ch\/fr\/wp-json\/wp\/v2\/users\/2"}],"version-history":[{"count":0,"href":"https:\/\/www.emmentaler.ch\/fr\/wp-json\/wp\/v2\/recipes\/33837\/revisions"}],"acf:attachment":[{"embeddable":true,"href":"https:\/\/www.emmentaler.ch\/fr\/wp-json\/wp\/v2\/media\/33848"}],"acf:term":[{"embeddable":true,"taxonomy":"recipe_saison","href":"https:\/\/www.emmentaler.ch\/fr\/wp-json\/wp\/v2\/recipe_saison\/548"},{"embeddable":true,"taxonomy":"recipe_saison","href":"https:\/\/www.emmentaler.ch\/fr\/wp-json\/wp\/v2\/recipe_saison\/532"},{"embeddable":true,"taxonomy":"recipe_main_ingredient","href":"https:\/\/www.emmentaler.ch\/fr\/wp-json\/wp\/v2\/recipe_main_ingredient\/604"},{"embeddable":true,"taxonomy":"recipe_main_ingredient","href":"https:\/\/www.emmentaler.ch\/fr\/wp-json\/wp\/v2\/recipe_main_ingredient\/596"},{"embeddable":true,"taxonomy":"recipe_diet_type","href":"https:\/\/www.emmentaler.ch\/fr\/wp-json\/wp\/v2\/recipe_diet_type\/572"},{"embeddable":true,"taxonomy":"recipe_difficulty","href":"https:\/\/www.emmentaler.ch\/fr\/wp-json\/wp\/v2\/recipe_difficulty\/580"},{"embeddable":true,"taxonomy":"recipe_categories","href":"https:\/\/www.emmentaler.ch\/fr\/wp-json\/wp\/v2\/recipe_categories\/617"},{"embeddable":true,"taxonomy":"recipe_preparation_time","href":"https:\/\/www.emmentaler.ch\/fr\/wp-json\/wp\/v2\/recipe_preparation_time\/272"}],"acf:post":[{"embeddable":true,"href":"https:\/\/www.emmentaler.ch\/fr\/wp-json\/wp\/v2\/pages\/64281"}],"wp:featuredmedia":[{"embeddable":true,"href":"https:\/\/www.emmentaler.ch\/fr\/wp-json\/wp\/v2\/media\/33858"}],"wp:attachment":[{"href":"https:\/\/www.emmentaler.ch\/fr\/wp-json\/wp\/v2\/media?parent=33837"}],"wp:term":[{"taxonomy":"post_tag","embeddable":true,"href":"https:\/\/www.emmentaler.ch\/fr\/wp-json\/wp\/v2\/tags?post=33837"},{"taxonomy":"recipe_categories","embeddable":true,"href":"https:\/\/www.emmentaler.ch\/fr\/wp-json\/wp\/v2\/recipe_categories?post=33837"},{"taxonomy":"et_countries","embeddable":true,"href":"https:\/\/www.emmentaler.ch\/fr\/wp-json\/wp\/v2\/et_countries?post=33837"},{"taxonomy":"recipe_main_ingredient","embeddable":true,"href":"https:\/\/www.emmentaler.ch\/fr\/wp-json\/wp\/v2\/recipe_main_ingredient?post=33837"},{"taxonomy":"recipe_difficulty","embeddable":true,"href":"https:\/\/www.emmentaler.ch\/fr\/wp-json\/wp\/v2\/recipe_difficulty?post=33837"},{"taxonomy":"recipe_preparation_time","embeddable":true,"href":"https:\/\/www.emmentaler.ch\/fr\/wp-json\/wp\/v2\/recipe_preparation_time?post=33837"},{"taxonomy":"recipe_diet_type","embeddable":true,"href":"https:\/\/www.emmentaler.ch\/fr\/wp-json\/wp\/v2\/recipe_diet_type?post=33837"},{"taxonomy":"recipe_saison","embeddable":true,"href":"https:\/\/www.emmentaler.ch\/fr\/wp-json\/wp\/v2\/recipe_saison?post=33837"}],"curies":[{"name":"wp","href":"https:\/\/api.w.org\/{rel}","templated":true}]}}