{"id":33868,"date":"2022-04-27T13:57:46","date_gmt":"2022-04-27T11:57:46","guid":{"rendered":"https:\/\/www.emmentaler.ch\/rezept\/une-collation-rustique-a-lemmentaler-aop-urtyp"},"modified":"2024-05-31T14:26:11","modified_gmt":"2024-05-31T12:26:11","slug":"une-collation-rustique-a-lemmentaler-aop-urtyp","status":"publish","type":"recipes","link":"https:\/\/www.emmentaler.ch\/fr\/recettes\/une-collation-rustique-a-lemmentaler-aop-urtyp","title":{"rendered":"Une collation rustique \u00e0 l&rsquo;Emmentaler AOP"},"author":2,"featured_media":26473,"menu_order":0,"template":"","meta":{"inline_featured_image":false},"tags":[802,834,772],"recipe_categories":[606],"et_countries":[],"recipe_main_ingredient":[],"recipe_difficulty":[575],"recipe_preparation_time":[268],"recipe_diet_type":[572],"recipe_saison":[559],"acf":{"recipe_preparation_time":268,"recipe_categories":606,"recipe_time_txt":"","recipe_type":64283,"recipe_difficulty":575,"recipe_diet_type":[572],"recipe_main_ingredient":false,"recipe_saison":[559],"recipe_count_portions":4,"recipe_ingedients":[{"recipe_ingedients_amount":"125","recipe_ingedients_unit":"g","recipe_ingedients_product":"pain mi-blanc, tranch\u00e9, grill\u00e9"},{"recipe_ingedients_amount":"0.5","recipe_ingedients_unit":"El","recipe_ingedients_product":"beurre, mou"},{"recipe_ingedients_amount":"0.5","recipe_ingedients_unit":"El","recipe_ingedients_product":"moutarde"},{"recipe_ingedients_amount":"0.5","recipe_ingedients_unit":"El","recipe_ingedients_product":"confiture de groseilles"},{"recipe_ingedients_amount":"12.5","recipe_ingedients_unit":"g","recipe_ingedients_product":"jeunes pousses d'\u00e9pinards"},{"recipe_ingedients_amount":".25","recipe_ingedients_unit":"St\u00fcck","recipe_ingedients_product":"oignon rouge, en rondelles"},{"recipe_ingedients_amount":"100","recipe_ingedients_unit":"g","recipe_ingedients_product":"Emmentaler AOP Extra, en fines tranches ou grossi\u00e8rement r\u00e2p\u00e9"},{"recipe_ingedients_amount":"0.5","recipe_ingedients_unit":"St\u00fcck","recipe_ingedients_product":"\u0153ufs"},{"recipe_ingedients_amount":"125","recipe_ingedients_unit":"ml","recipe_ingedients_product":"lait"},{"recipe_ingedients_amount":"0.5","recipe_ingedients_unit":"El","recipe_ingedients_product":"beurre \u00e0 r\u00f4tir"},{"recipe_ingedients_amount":"","recipe_ingedients_unit":"Bedarf","recipe_ingedients_product":""}],"temporare_zutaten":"500 g de pain bis ou mi-blanc, coup\u00e9 en 16 tranches, grill\u00e9es\r\n2 cs de beurre, mou\r\n2 cs de moutarde\r\n2 cs de confiture de raisinets\r\n50 g de jeunes pousses d\u2019\u00e9pinards\r\n1 oignon rouge, en rondelles\r\n400 g d\u2019Emmentaler AOP Extra, en tranches fines ou r\u00e2p\u00e9 grossi\u00e8rement\r\nPoivre\r\n2 \u0153ufs\r\n0,5 dl de lait\r\n2 cs de beurre \u00e0 r\u00f4tir\r\npoivre du moulin","recipe_preparation":"Beurrer toutes les tranches de pain. Tartiner une moiti\u00e9 de moutarde et l\u2019autre de confiture. D\u00e9poser les \u00e9pinards et l\u2019oignon sur les tranches tartin\u00e9es de moutarde. R\u00e9partir l\u2019Emmentaler AOP Extra par-dessus, assaisonner. Recouvrir le tout d\u2019une tranche de pain \u00e0 la confiture. Battre les \u0153ufs et le lait dans une assiette creuse. Presser l\u00e9g\u00e8rement le croque-monsieur, le passer rapidement dans la pr\u00e9paration des deux c\u00f4t\u00e9s. Dans une po\u00eale antiadh\u00e9sive, faire dorer \u00e0 feu moyen dans le beurre \u00e0 r\u00f4tir, env. 4\u202fminutes sur chaque face. Sortir de la po\u00eale, partager dans la largeur, poivrer, et servir aussit\u00f4t.","recipe_images":[26468,26473]},"_links":{"self":[{"href":"https:\/\/www.emmentaler.ch\/fr\/wp-json\/wp\/v2\/recipes\/33868"}],"collection":[{"href":"https:\/\/www.emmentaler.ch\/fr\/wp-json\/wp\/v2\/recipes"}],"about":[{"href":"https:\/\/www.emmentaler.ch\/fr\/wp-json\/wp\/v2\/types\/recipes"}],"author":[{"embeddable":true,"href":"https:\/\/www.emmentaler.ch\/fr\/wp-json\/wp\/v2\/users\/2"}],"version-history":[{"count":2,"href":"https:\/\/www.emmentaler.ch\/fr\/wp-json\/wp\/v2\/recipes\/33868\/revisions"}],"predecessor-version":[{"id":136972,"href":"https:\/\/www.emmentaler.ch\/fr\/wp-json\/wp\/v2\/recipes\/33868\/revisions\/136972"}],"acf:attachment":[{"embeddable":true,"href":"https:\/\/www.emmentaler.ch\/fr\/wp-json\/wp\/v2\/media\/26473"},{"embeddable":true,"href":"https:\/\/www.emmentaler.ch\/fr\/wp-json\/wp\/v2\/media\/26468"}],"acf:term":[{"embeddable":true,"taxonomy":"recipe_saison","href":"https:\/\/www.emmentaler.ch\/fr\/wp-json\/wp\/v2\/recipe_saison\/559"},{"embeddable":true,"taxonomy":"recipe_diet_type","href":"https:\/\/www.emmentaler.ch\/fr\/wp-json\/wp\/v2\/recipe_diet_type\/572"},{"embeddable":true,"taxonomy":"recipe_difficulty","href":"https:\/\/www.emmentaler.ch\/fr\/wp-json\/wp\/v2\/recipe_difficulty\/575"},{"embeddable":true,"taxonomy":"recipe_categories","href":"https:\/\/www.emmentaler.ch\/fr\/wp-json\/wp\/v2\/recipe_categories\/606"},{"embeddable":true,"taxonomy":"recipe_preparation_time","href":"https:\/\/www.emmentaler.ch\/fr\/wp-json\/wp\/v2\/recipe_preparation_time\/268"}],"acf:post":[{"embeddable":true,"href":"https:\/\/www.emmentaler.ch\/fr\/wp-json\/wp\/v2\/pages\/64283"}],"wp:featuredmedia":[{"embeddable":true,"href":"https:\/\/www.emmentaler.ch\/fr\/wp-json\/wp\/v2\/media\/26473"}],"wp:attachment":[{"href":"https:\/\/www.emmentaler.ch\/fr\/wp-json\/wp\/v2\/media?parent=33868"}],"wp:term":[{"taxonomy":"post_tag","embeddable":true,"href":"https:\/\/www.emmentaler.ch\/fr\/wp-json\/wp\/v2\/tags?post=33868"},{"taxonomy":"recipe_categories","embeddable":true,"href":"https:\/\/www.emmentaler.ch\/fr\/wp-json\/wp\/v2\/recipe_categories?post=33868"},{"taxonomy":"et_countries","embeddable":true,"href":"https:\/\/www.emmentaler.ch\/fr\/wp-json\/wp\/v2\/et_countries?post=33868"},{"taxonomy":"recipe_main_ingredient","embeddable":true,"href":"https:\/\/www.emmentaler.ch\/fr\/wp-json\/wp\/v2\/recipe_main_ingredient?post=33868"},{"taxonomy":"recipe_difficulty","embeddable":true,"href":"https:\/\/www.emmentaler.ch\/fr\/wp-json\/wp\/v2\/recipe_difficulty?post=33868"},{"taxonomy":"recipe_preparation_time","embeddable":true,"href":"https:\/\/www.emmentaler.ch\/fr\/wp-json\/wp\/v2\/recipe_preparation_time?post=33868"},{"taxonomy":"recipe_diet_type","embeddable":true,"href":"https:\/\/www.emmentaler.ch\/fr\/wp-json\/wp\/v2\/recipe_diet_type?post=33868"},{"taxonomy":"recipe_saison","embeddable":true,"href":"https:\/\/www.emmentaler.ch\/fr\/wp-json\/wp\/v2\/recipe_saison?post=33868"}],"curies":[{"name":"wp","href":"https:\/\/api.w.org\/{rel}","templated":true}]}}