{"id":33899,"date":"2022-04-27T13:57:46","date_gmt":"2022-04-27T11:57:46","guid":{"rendered":"https:\/\/www.emmentaler.ch\/rezept\/petit-pain-houmous-de-betterave-et-emmentaler-aop"},"modified":"2022-08-16T10:50:55","modified_gmt":"2022-08-16T08:50:55","slug":"petit-pain-houmous-de-betterave-et-emmentaler-aop","status":"publish","type":"recipes","link":"https:\/\/www.emmentaler.ch\/fr\/recettes\/petit-pain-houmous-de-betterave-et-emmentaler-aop","title":{"rendered":"Petit pain, houmous de betterave et Emmentaler AOP"},"author":2,"featured_media":26504,"menu_order":0,"template":"","meta":{"inline_featured_image":false},"tags":[],"recipe_categories":[617],"et_countries":[],"recipe_main_ingredient":[604],"recipe_difficulty":[580],"recipe_preparation_time":[280],"recipe_diet_type":[572],"recipe_saison":[535],"acf":{"recipe_preparation_time":280,"recipe_categories":617,"recipe_time_txt":"","recipe_type":64272,"recipe_difficulty":580,"recipe_diet_type":[572],"recipe_main_ingredient":[604],"recipe_saison":[535],"recipe_count_portions":4,"recipe_ingedients":[{"recipe_ingedients_amount":"","recipe_ingedients_unit":"g","recipe_ingedients_product":""}],"temporare_zutaten":"16 d\u00fcnne Scheiben Emmentaler AOP\r\n8 Milchbr\u00f6tchen\r\n50 g Pfl\u00fccksalat oder anderer Salat\r\nJe 2 EL schwarzer, gr\u00fcner und weisser Sesam\r\n50 g Tahin (Sesammus)\r\n400 g vorgegarte Rote Beete\r\n240 g vorgegarte Kichererbsen\r\n1 Zitrone\r\nSalz\r\n1 TL Kuminpulver\r\nNatives Oliven\u00f6l extra","recipe_preparation":"Pour le houmous, r\u00e9duire en pur\u00e9e au mixeur la betterave coup\u00e9e en petits morceaux, les pois chiches, le jus de citron, 2\u00a0CS de tahin, le cumin et 1\u00a0CS d\u2019huile d\u2019olive jusqu\u2019\u00e0 obtention d\u2019une pr\u00e9paration homog\u00e8ne et cr\u00e9meuse. Ajouter un peu de sel si besoin.\r\n\r\nCouper les petits pains en deux, tartiner de houmous et garnir la moiti\u00e9 inf\u00e9rieure de salade et de quelques tranches fines d\u2019Emmentaler\u00a0AOP; parsemer de graines de s\u00e9same color\u00e9es et couvrir avec l\u2019autre moiti\u00e9 du petit pain.\r\n\r\nVous pouvez garnir le reste de houmous de graines de s\u00e9same et servir avec des crackers et des b\u00e2tonnets d\u2019Emmentaler\u00a0AOP: un plaisir exceptionnel.","recipe_images":[26504]},"_links":{"self":[{"href":"https:\/\/www.emmentaler.ch\/fr\/wp-json\/wp\/v2\/recipes\/33899"}],"collection":[{"href":"https:\/\/www.emmentaler.ch\/fr\/wp-json\/wp\/v2\/recipes"}],"about":[{"href":"https:\/\/www.emmentaler.ch\/fr\/wp-json\/wp\/v2\/types\/recipes"}],"author":[{"embeddable":true,"href":"https:\/\/www.emmentaler.ch\/fr\/wp-json\/wp\/v2\/users\/2"}],"version-history":[{"count":0,"href":"https:\/\/www.emmentaler.ch\/fr\/wp-json\/wp\/v2\/recipes\/33899\/revisions"}],"acf:attachment":[{"embeddable":true,"href":"https:\/\/www.emmentaler.ch\/fr\/wp-json\/wp\/v2\/media\/26504"}],"acf:term":[{"embeddable":true,"taxonomy":"recipe_saison","href":"https:\/\/www.emmentaler.ch\/fr\/wp-json\/wp\/v2\/recipe_saison\/535"},{"embeddable":true,"taxonomy":"recipe_main_ingredient","href":"https:\/\/www.emmentaler.ch\/fr\/wp-json\/wp\/v2\/recipe_main_ingredient\/604"},{"embeddable":true,"taxonomy":"recipe_diet_type","href":"https:\/\/www.emmentaler.ch\/fr\/wp-json\/wp\/v2\/recipe_diet_type\/572"},{"embeddable":true,"taxonomy":"recipe_difficulty","href":"https:\/\/www.emmentaler.ch\/fr\/wp-json\/wp\/v2\/recipe_difficulty\/580"},{"embeddable":true,"taxonomy":"recipe_categories","href":"https:\/\/www.emmentaler.ch\/fr\/wp-json\/wp\/v2\/recipe_categories\/617"},{"embeddable":true,"taxonomy":"recipe_preparation_time","href":"https:\/\/www.emmentaler.ch\/fr\/wp-json\/wp\/v2\/recipe_preparation_time\/280"}],"acf:post":[{"embeddable":true,"href":"https:\/\/www.emmentaler.ch\/fr\/wp-json\/wp\/v2\/pages\/64272"}],"wp:featuredmedia":[{"embeddable":true,"href":"https:\/\/www.emmentaler.ch\/fr\/wp-json\/wp\/v2\/media\/26504"}],"wp:attachment":[{"href":"https:\/\/www.emmentaler.ch\/fr\/wp-json\/wp\/v2\/media?parent=33899"}],"wp:term":[{"taxonomy":"post_tag","embeddable":true,"href":"https:\/\/www.emmentaler.ch\/fr\/wp-json\/wp\/v2\/tags?post=33899"},{"taxonomy":"recipe_categories","embeddable":true,"href":"https:\/\/www.emmentaler.ch\/fr\/wp-json\/wp\/v2\/recipe_categories?post=33899"},{"taxonomy":"et_countries","embeddable":true,"href":"https:\/\/www.emmentaler.ch\/fr\/wp-json\/wp\/v2\/et_countries?post=33899"},{"taxonomy":"recipe_main_ingredient","embeddable":true,"href":"https:\/\/www.emmentaler.ch\/fr\/wp-json\/wp\/v2\/recipe_main_ingredient?post=33899"},{"taxonomy":"recipe_difficulty","embeddable":true,"href":"https:\/\/www.emmentaler.ch\/fr\/wp-json\/wp\/v2\/recipe_difficulty?post=33899"},{"taxonomy":"recipe_preparation_time","embeddable":true,"href":"https:\/\/www.emmentaler.ch\/fr\/wp-json\/wp\/v2\/recipe_preparation_time?post=33899"},{"taxonomy":"recipe_diet_type","embeddable":true,"href":"https:\/\/www.emmentaler.ch\/fr\/wp-json\/wp\/v2\/recipe_diet_type?post=33899"},{"taxonomy":"recipe_saison","embeddable":true,"href":"https:\/\/www.emmentaler.ch\/fr\/wp-json\/wp\/v2\/recipe_saison?post=33899"}],"curies":[{"name":"wp","href":"https:\/\/api.w.org\/{rel}","templated":true}]}}