{"id":34023,"date":"2022-04-27T13:57:46","date_gmt":"2022-04-27T11:57:46","guid":{"rendered":"https:\/\/www.emmentaler.ch\/rezept\/boulettes-aux-epices-et-a-lemmentaler-aop"},"modified":"2024-07-02T12:19:54","modified_gmt":"2024-07-02T10:19:54","slug":"boulettes-aux-epices-et-a-lemmentaler-aop","status":"publish","type":"recipes","link":"https:\/\/www.emmentaler.ch\/fr\/recettes\/boulettes-aux-epices-et-a-lemmentaler-aop","title":{"rendered":"Boulettes aux \u00e9pices et \u00e0 l\u2019Emmentaler AOP"},"author":2,"featured_media":92616,"menu_order":0,"template":"","meta":{"inline_featured_image":false},"tags":[713],"recipe_categories":[728],"et_countries":[],"recipe_main_ingredient":[596,604],"recipe_difficulty":[580],"recipe_preparation_time":[625],"recipe_diet_type":[572],"recipe_saison":[532,559],"acf":{"recipe_preparation_time":625,"recipe_categories":728,"recipe_time_txt":"","recipe_type":68447,"recipe_difficulty":580,"recipe_diet_type":[572],"recipe_main_ingredient":[596,604],"recipe_saison":[532,559],"recipe_count_portions":4,"recipe_ingedients":[{"recipe_ingedients_amount":"","recipe_ingedients_unit":"g","recipe_ingedients_product":""}],"temporare_zutaten":"4 fromages de ch\u00e8vre\r\n50 g d\u2019Emmentaler AOP r\u00e2p\u00e9 pour la pr\u00e9paration + 200 g coup\u00e9 en petits d\u00e9s pour la d\u00e9coration\r\n1 pruneau\r\n1 abricot sec\r\n\u00c9pices \u00e0 discr\u00e9tion, par exemple: curry, paprika, cumin moulu, pavot\r\n20 g de noisettes hach\u00e9es\r\n20 g de pistaches hach\u00e9es\r\n20 g de tomates s\u00e9ch\u00e9es (non marin\u00e9es dans l\u2019huile) hach\u00e9es\r\n1 CS de persil hach\u00e9","recipe_preparation":"R\u00e2per grossi\u00e8rement une partie de l\u2019Emmentaler AOP au robot et bien m\u00e9langer dans un saladier avec le fromage de ch\u00e8vre de fa\u00e7on \u00e0 obtenir une pr\u00e9paration onctueuse.\r\n\r\nCouper le reste d\u2019Emmentaler AOP au couteau en tr\u00e8s petits d\u00e9s et r\u00e9server dans une assiette.\r\n\r\nDisposer les noisettes\/pistaches hach\u00e9es et les \u00e9pices dans des petites assiettes.\r\n\r\nCouper le pruneau et l\u2019abricot en quatre.\r\n\r\nHumidifier l\u00e9g\u00e8rement les mains et former des boulettes avec la pr\u00e9paration \u00e0 base de fromage: enfoncer un morceau de pruneau au milieu des quatre premi\u00e8res boulettes, refermer et rouler au creux de la main; tourner les boulettes dans les petits d\u00e9s d\u2019Emmentaler AOP.\r\n\r\nProc\u00e9der de la m\u00eame fa\u00e7on avec les morceaux d\u2019abricot.\r\n\r\nFormer les boulettes restantes et les tourner dans une \u00e9pice ou dans les noisettes\/pistaches hach\u00e9es; rouler de nouveau bri\u00e8vement au creux de la main pour bien m\u00e9langer la pr\u00e9paration. Puis tourner dans les petits d\u00e9s de fromage.\r\n\r\nVous pouvez essayer d\u2019autres combinaisons ou garnitures, par exemple avec des morceaux de fruits frais (poire m\u00fbre, p\u00eache, cerise d\u00e9noyaut\u00e9e) ou d\u2019autres types de noix (cerneaux de noix, noix de p\u00e9can, graines de s\u00e9same, etc.).\r\n\r\nPlacer au r\u00e9frig\u00e9rateur jusqu\u2019au moment de servir et sortir au minimum un quart d\u2019heure avant de d\u00e9guster.","recipe_images":[92610,92616]},"_links":{"self":[{"href":"https:\/\/www.emmentaler.ch\/fr\/wp-json\/wp\/v2\/recipes\/34023"}],"collection":[{"href":"https:\/\/www.emmentaler.ch\/fr\/wp-json\/wp\/v2\/recipes"}],"about":[{"href":"https:\/\/www.emmentaler.ch\/fr\/wp-json\/wp\/v2\/types\/recipes"}],"author":[{"embeddable":true,"href":"https:\/\/www.emmentaler.ch\/fr\/wp-json\/wp\/v2\/users\/2"}],"version-history":[{"count":1,"href":"https:\/\/www.emmentaler.ch\/fr\/wp-json\/wp\/v2\/recipes\/34023\/revisions"}],"predecessor-version":[{"id":137555,"href":"https:\/\/www.emmentaler.ch\/fr\/wp-json\/wp\/v2\/recipes\/34023\/revisions\/137555"}],"acf:attachment":[{"embeddable":true,"href":"https:\/\/www.emmentaler.ch\/fr\/wp-json\/wp\/v2\/media\/92616"},{"embeddable":true,"href":"https:\/\/www.emmentaler.ch\/fr\/wp-json\/wp\/v2\/media\/92610"}],"acf:term":[{"embeddable":true,"taxonomy":"recipe_saison","href":"https:\/\/www.emmentaler.ch\/fr\/wp-json\/wp\/v2\/recipe_saison\/559"},{"embeddable":true,"taxonomy":"recipe_saison","href":"https:\/\/www.emmentaler.ch\/fr\/wp-json\/wp\/v2\/recipe_saison\/532"},{"embeddable":true,"taxonomy":"recipe_main_ingredient","href":"https:\/\/www.emmentaler.ch\/fr\/wp-json\/wp\/v2\/recipe_main_ingredient\/604"},{"embeddable":true,"taxonomy":"recipe_main_ingredient","href":"https:\/\/www.emmentaler.ch\/fr\/wp-json\/wp\/v2\/recipe_main_ingredient\/596"},{"embeddable":true,"taxonomy":"recipe_diet_type","href":"https:\/\/www.emmentaler.ch\/fr\/wp-json\/wp\/v2\/recipe_diet_type\/572"},{"embeddable":true,"taxonomy":"recipe_difficulty","href":"https:\/\/www.emmentaler.ch\/fr\/wp-json\/wp\/v2\/recipe_difficulty\/580"},{"embeddable":true,"taxonomy":"recipe_categories","href":"https:\/\/www.emmentaler.ch\/fr\/wp-json\/wp\/v2\/recipe_categories\/728"},{"embeddable":true,"taxonomy":"recipe_preparation_time","href":"https:\/\/www.emmentaler.ch\/fr\/wp-json\/wp\/v2\/recipe_preparation_time\/625"}],"acf:post":[{"embeddable":true,"href":"https:\/\/www.emmentaler.ch\/fr\/wp-json\/wp\/v2\/pages\/68447"}],"wp:featuredmedia":[{"embeddable":true,"href":"https:\/\/www.emmentaler.ch\/fr\/wp-json\/wp\/v2\/media\/92616"}],"wp:attachment":[{"href":"https:\/\/www.emmentaler.ch\/fr\/wp-json\/wp\/v2\/media?parent=34023"}],"wp:term":[{"taxonomy":"post_tag","embeddable":true,"href":"https:\/\/www.emmentaler.ch\/fr\/wp-json\/wp\/v2\/tags?post=34023"},{"taxonomy":"recipe_categories","embeddable":true,"href":"https:\/\/www.emmentaler.ch\/fr\/wp-json\/wp\/v2\/recipe_categories?post=34023"},{"taxonomy":"et_countries","embeddable":true,"href":"https:\/\/www.emmentaler.ch\/fr\/wp-json\/wp\/v2\/et_countries?post=34023"},{"taxonomy":"recipe_main_ingredient","embeddable":true,"href":"https:\/\/www.emmentaler.ch\/fr\/wp-json\/wp\/v2\/recipe_main_ingredient?post=34023"},{"taxonomy":"recipe_difficulty","embeddable":true,"href":"https:\/\/www.emmentaler.ch\/fr\/wp-json\/wp\/v2\/recipe_difficulty?post=34023"},{"taxonomy":"recipe_preparation_time","embeddable":true,"href":"https:\/\/www.emmentaler.ch\/fr\/wp-json\/wp\/v2\/recipe_preparation_time?post=34023"},{"taxonomy":"recipe_diet_type","embeddable":true,"href":"https:\/\/www.emmentaler.ch\/fr\/wp-json\/wp\/v2\/recipe_diet_type?post=34023"},{"taxonomy":"recipe_saison","embeddable":true,"href":"https:\/\/www.emmentaler.ch\/fr\/wp-json\/wp\/v2\/recipe_saison?post=34023"}],"curies":[{"name":"wp","href":"https:\/\/api.w.org\/{rel}","templated":true}]}}