{"id":34054,"date":"2022-04-27T13:57:46","date_gmt":"2022-04-27T11:57:46","guid":{"rendered":"https:\/\/www.emmentaler.ch\/rezept\/tartare-de-boeuf-a-lemmentaler-aop"},"modified":"2024-07-02T12:24:10","modified_gmt":"2024-07-02T10:24:10","slug":"tartare-de-boeuf-a-lemmentaler-aop","status":"publish","type":"recipes","link":"https:\/\/www.emmentaler.ch\/fr\/recettes\/tartare-de-boeuf-a-lemmentaler-aop","title":{"rendered":"Tartare de b\u0153uf \u00e0 l\u2019Emmentaler AOP"},"author":2,"featured_media":90773,"menu_order":0,"template":"","meta":{"inline_featured_image":false},"tags":[713],"recipe_categories":[728],"et_countries":[],"recipe_main_ingredient":[591],"recipe_difficulty":[580],"recipe_preparation_time":[280],"recipe_diet_type":[567],"recipe_saison":[527,551,559],"acf":{"recipe_preparation_time":280,"recipe_categories":728,"recipe_time_txt":"","recipe_type":63911,"recipe_difficulty":580,"recipe_diet_type":[567],"recipe_main_ingredient":[591],"recipe_saison":[527,559,551],"recipe_count_portions":4,"recipe_ingedients":[{"recipe_ingedients_amount":"","recipe_ingedients_unit":"g","recipe_ingedients_product":""}],"temporare_zutaten":"400 g de b\u0153uf coup\u00e9 en tartare \u00e0 la main\r\n120 g d\u2019Emmentaler AOP\r\n1 oignon nouveau\r\n2 citrons verts\r\n2 CS de graines de moutarde\r\n1 CC de poivre noir en grains\r\n1 CC de poivre vert en grains\r\n2-3 branches de thym\r\n4 CS d\u2019huile d\u2019olive extra vierge\r\nSel\r\n2-3 tiges de cassis","recipe_preparation":"M\u00e9langer la viande et l\u2019huile d\u2019olive dans un saladier.\r\nCouper l\u2019oignon nouveau en fines lamelles et couper un citron vert en deux.\r\nPiler les grains de poivre noirs et verts.\r\nAjouter le poivre pil\u00e9, le thym effeuill\u00e9 et l\u2019oignon nouveau coup\u00e9 en rondelles \u00e0 la viande, saler. Bien m\u00e9langer le tout et ajouter le jus d\u2019un demi-citron vert.\r\nMettre la pr\u00e9paration dans un emporte-pi\u00e8ce. Presser avec une cuill\u00e8re pour compacter la viande.\r\nDresser sur une assiette et retirer l\u2019emporte-pi\u00e8ce.\r\nFormer des copeaux d\u2019Emmentaler AOP \u00e0 l\u2019aide d\u2019un \u00e9conome.\r\nCouper un citron vert en rondelles et pr\u00e9lever des petits quartiers.\r\nGarnir le steak tartare de copeaux d\u2019Emmentaler AOP. D\u00e9corer l\u2019assiette avec le cassis, les quartiers de citron vert et le thym.","recipe_images":[90773]},"_links":{"self":[{"href":"https:\/\/www.emmentaler.ch\/fr\/wp-json\/wp\/v2\/recipes\/34054"}],"collection":[{"href":"https:\/\/www.emmentaler.ch\/fr\/wp-json\/wp\/v2\/recipes"}],"about":[{"href":"https:\/\/www.emmentaler.ch\/fr\/wp-json\/wp\/v2\/types\/recipes"}],"author":[{"embeddable":true,"href":"https:\/\/www.emmentaler.ch\/fr\/wp-json\/wp\/v2\/users\/2"}],"version-history":[{"count":1,"href":"https:\/\/www.emmentaler.ch\/fr\/wp-json\/wp\/v2\/recipes\/34054\/revisions"}],"predecessor-version":[{"id":137557,"href":"https:\/\/www.emmentaler.ch\/fr\/wp-json\/wp\/v2\/recipes\/34054\/revisions\/137557"}],"acf:attachment":[{"embeddable":true,"href":"https:\/\/www.emmentaler.ch\/fr\/wp-json\/wp\/v2\/media\/90773"}],"acf:term":[{"embeddable":true,"taxonomy":"recipe_saison","href":"https:\/\/www.emmentaler.ch\/fr\/wp-json\/wp\/v2\/recipe_saison\/551"},{"embeddable":true,"taxonomy":"recipe_saison","href":"https:\/\/www.emmentaler.ch\/fr\/wp-json\/wp\/v2\/recipe_saison\/559"},{"embeddable":true,"taxonomy":"recipe_saison","href":"https:\/\/www.emmentaler.ch\/fr\/wp-json\/wp\/v2\/recipe_saison\/527"},{"embeddable":true,"taxonomy":"recipe_main_ingredient","href":"https:\/\/www.emmentaler.ch\/fr\/wp-json\/wp\/v2\/recipe_main_ingredient\/591"},{"embeddable":true,"taxonomy":"recipe_diet_type","href":"https:\/\/www.emmentaler.ch\/fr\/wp-json\/wp\/v2\/recipe_diet_type\/567"},{"embeddable":true,"taxonomy":"recipe_difficulty","href":"https:\/\/www.emmentaler.ch\/fr\/wp-json\/wp\/v2\/recipe_difficulty\/580"},{"embeddable":true,"taxonomy":"recipe_categories","href":"https:\/\/www.emmentaler.ch\/fr\/wp-json\/wp\/v2\/recipe_categories\/728"},{"embeddable":true,"taxonomy":"recipe_preparation_time","href":"https:\/\/www.emmentaler.ch\/fr\/wp-json\/wp\/v2\/recipe_preparation_time\/280"}],"acf:post":[{"embeddable":true,"href":"https:\/\/www.emmentaler.ch\/fr\/wp-json\/wp\/v2\/pages\/63911"}],"wp:featuredmedia":[{"embeddable":true,"href":"https:\/\/www.emmentaler.ch\/fr\/wp-json\/wp\/v2\/media\/90773"}],"wp:attachment":[{"href":"https:\/\/www.emmentaler.ch\/fr\/wp-json\/wp\/v2\/media?parent=34054"}],"wp:term":[{"taxonomy":"post_tag","embeddable":true,"href":"https:\/\/www.emmentaler.ch\/fr\/wp-json\/wp\/v2\/tags?post=34054"},{"taxonomy":"recipe_categories","embeddable":true,"href":"https:\/\/www.emmentaler.ch\/fr\/wp-json\/wp\/v2\/recipe_categories?post=34054"},{"taxonomy":"et_countries","embeddable":true,"href":"https:\/\/www.emmentaler.ch\/fr\/wp-json\/wp\/v2\/et_countries?post=34054"},{"taxonomy":"recipe_main_ingredient","embeddable":true,"href":"https:\/\/www.emmentaler.ch\/fr\/wp-json\/wp\/v2\/recipe_main_ingredient?post=34054"},{"taxonomy":"recipe_difficulty","embeddable":true,"href":"https:\/\/www.emmentaler.ch\/fr\/wp-json\/wp\/v2\/recipe_difficulty?post=34054"},{"taxonomy":"recipe_preparation_time","embeddable":true,"href":"https:\/\/www.emmentaler.ch\/fr\/wp-json\/wp\/v2\/recipe_preparation_time?post=34054"},{"taxonomy":"recipe_diet_type","embeddable":true,"href":"https:\/\/www.emmentaler.ch\/fr\/wp-json\/wp\/v2\/recipe_diet_type?post=34054"},{"taxonomy":"recipe_saison","embeddable":true,"href":"https:\/\/www.emmentaler.ch\/fr\/wp-json\/wp\/v2\/recipe_saison?post=34054"}],"curies":[{"name":"wp","href":"https:\/\/api.w.org\/{rel}","templated":true}]}}