{"id":34147,"date":"2022-04-27T14:00:02","date_gmt":"2022-04-27T12:00:02","guid":{"rendered":"https:\/\/www.emmentaler.ch\/rezept\/chips-de-legumes-a-lemmentaler-aop"},"modified":"2022-08-16T10:59:30","modified_gmt":"2022-08-16T08:59:30","slug":"chips-de-legumes-a-lemmentaler-aop","status":"publish","type":"recipes","link":"https:\/\/www.emmentaler.ch\/fr\/recettes\/chips-de-legumes-a-lemmentaler-aop","title":{"rendered":"Chips de l\u00e9gumes \u00e0 l\u2019Emmentaler AOP"},"author":2,"featured_media":34163,"menu_order":0,"template":"","meta":{"inline_featured_image":false},"tags":[],"recipe_categories":[606],"et_countries":[],"recipe_main_ingredient":[604],"recipe_difficulty":[580],"recipe_preparation_time":[270],"recipe_diet_type":[564,567,572],"recipe_saison":[540,527,532,559],"acf":{"recipe_preparation_time":270,"recipe_categories":606,"recipe_time_txt":"","recipe_type":64247,"recipe_difficulty":580,"recipe_diet_type":[564,567,572],"recipe_main_ingredient":[604],"recipe_saison":[527,532,559,540],"recipe_count_portions":4,"recipe_ingedients":[{"recipe_ingedients_amount":"","recipe_ingedients_unit":"g","recipe_ingedients_product":""}],"temporare_zutaten":"Pour ce plat, vous pouvez choisir les ingr\u00e9dients sur le march\u00e9 selon vos go\u00fbts et la disponibilit\u00e9. Par exemple:\r\n500 g de pommes de terre m\u00e9lang\u00e9es: violette, \u00e0 peau rouge, patate douce, pompe de terre traditionnelle\r\n300 g de l\u00e9gumes-racines: betterave crue, carotte orange, violette, jaune\r\n300 g de l\u00e9gumes: chou vert, courgette, aubergine, potiron\r\n200 g d\u2019Emmentaler AOP\r\n5 CS d\u2019huile d\u2019olive extra vierge\r\nSel blanc\r\nSel rose\r\n1 branche de romarin\r\n1 branche de thym","recipe_preparation":"Couper tous les ingr\u00e9dients en fines rondelles \u00e0 l\u2019aide d\u2019un couteau ou d\u2019un \u00e9conome. Bien presser les l\u00e9gumes et les r\u00e9partir dans trois saladiers diff\u00e9rents, ajouter un peu d\u2019huile d\u2019olive et m\u00e9langer d\u00e9licatement avec les mains.\r\nAssaisonner les pommes de terre avec le sel et le romarin, les l\u00e9gumes-racines avec le sel rose et du poivre et les autres l\u00e9gumes avec du sel blanc. Disposer les chips sur une plaque garnie de papier sulfuris\u00e9 en veillant \u00e0 ce qu\u2019elles ne se chevauchent pas. Pr\u00e9chauffer le four \u00e0 150\u00b0C.\r\nCuire \u00e0 chaleur tournante une demi-heure ou un peu moins selon l\u2019\u00e9paisseur. Contr\u00f4ler de temps \u00e0 autre pour que les chips ne brunissent pas trop: sortir les chips du four lorsqu\u2019elles sont dures au toucher et les mettre sur une assiette ou dans un saladier.\r\nSaler si besoin.\r\nCouper l\u2019Emmentaler AOP en fines lamelles \u00e0 l\u2019aide d\u2019une mandoline \u00e0 julienne, r\u00e9partir sur les chips, m\u00e9langer comme une salade et servir \u00e0 l\u2019ap\u00e9ritif ou en guise d\u2019entr\u00e9e.","recipe_images":[34163]},"_links":{"self":[{"href":"https:\/\/www.emmentaler.ch\/fr\/wp-json\/wp\/v2\/recipes\/34147"}],"collection":[{"href":"https:\/\/www.emmentaler.ch\/fr\/wp-json\/wp\/v2\/recipes"}],"about":[{"href":"https:\/\/www.emmentaler.ch\/fr\/wp-json\/wp\/v2\/types\/recipes"}],"author":[{"embeddable":true,"href":"https:\/\/www.emmentaler.ch\/fr\/wp-json\/wp\/v2\/users\/2"}],"version-history":[{"count":0,"href":"https:\/\/www.emmentaler.ch\/fr\/wp-json\/wp\/v2\/recipes\/34147\/revisions"}],"acf:attachment":[{"embeddable":true,"href":"https:\/\/www.emmentaler.ch\/fr\/wp-json\/wp\/v2\/media\/34163"}],"acf:term":[{"embeddable":true,"taxonomy":"recipe_saison","href":"https:\/\/www.emmentaler.ch\/fr\/wp-json\/wp\/v2\/recipe_saison\/540"},{"embeddable":true,"taxonomy":"recipe_saison","href":"https:\/\/www.emmentaler.ch\/fr\/wp-json\/wp\/v2\/recipe_saison\/559"},{"embeddable":true,"taxonomy":"recipe_saison","href":"https:\/\/www.emmentaler.ch\/fr\/wp-json\/wp\/v2\/recipe_saison\/532"},{"embeddable":true,"taxonomy":"recipe_saison","href":"https:\/\/www.emmentaler.ch\/fr\/wp-json\/wp\/v2\/recipe_saison\/527"},{"embeddable":true,"taxonomy":"recipe_main_ingredient","href":"https:\/\/www.emmentaler.ch\/fr\/wp-json\/wp\/v2\/recipe_main_ingredient\/604"},{"embeddable":true,"taxonomy":"recipe_diet_type","href":"https:\/\/www.emmentaler.ch\/fr\/wp-json\/wp\/v2\/recipe_diet_type\/572"},{"embeddable":true,"taxonomy":"recipe_diet_type","href":"https:\/\/www.emmentaler.ch\/fr\/wp-json\/wp\/v2\/recipe_diet_type\/567"},{"embeddable":true,"taxonomy":"recipe_diet_type","href":"https:\/\/www.emmentaler.ch\/fr\/wp-json\/wp\/v2\/recipe_diet_type\/564"},{"embeddable":true,"taxonomy":"recipe_difficulty","href":"https:\/\/www.emmentaler.ch\/fr\/wp-json\/wp\/v2\/recipe_difficulty\/580"},{"embeddable":true,"taxonomy":"recipe_categories","href":"https:\/\/www.emmentaler.ch\/fr\/wp-json\/wp\/v2\/recipe_categories\/606"},{"embeddable":true,"taxonomy":"recipe_preparation_time","href":"https:\/\/www.emmentaler.ch\/fr\/wp-json\/wp\/v2\/recipe_preparation_time\/270"}],"acf:post":[{"embeddable":true,"href":"https:\/\/www.emmentaler.ch\/fr\/wp-json\/wp\/v2\/pages\/64247"}],"wp:featuredmedia":[{"embeddable":true,"href":"https:\/\/www.emmentaler.ch\/fr\/wp-json\/wp\/v2\/media\/34163"}],"wp:attachment":[{"href":"https:\/\/www.emmentaler.ch\/fr\/wp-json\/wp\/v2\/media?parent=34147"}],"wp:term":[{"taxonomy":"post_tag","embeddable":true,"href":"https:\/\/www.emmentaler.ch\/fr\/wp-json\/wp\/v2\/tags?post=34147"},{"taxonomy":"recipe_categories","embeddable":true,"href":"https:\/\/www.emmentaler.ch\/fr\/wp-json\/wp\/v2\/recipe_categories?post=34147"},{"taxonomy":"et_countries","embeddable":true,"href":"https:\/\/www.emmentaler.ch\/fr\/wp-json\/wp\/v2\/et_countries?post=34147"},{"taxonomy":"recipe_main_ingredient","embeddable":true,"href":"https:\/\/www.emmentaler.ch\/fr\/wp-json\/wp\/v2\/recipe_main_ingredient?post=34147"},{"taxonomy":"recipe_difficulty","embeddable":true,"href":"https:\/\/www.emmentaler.ch\/fr\/wp-json\/wp\/v2\/recipe_difficulty?post=34147"},{"taxonomy":"recipe_preparation_time","embeddable":true,"href":"https:\/\/www.emmentaler.ch\/fr\/wp-json\/wp\/v2\/recipe_preparation_time?post=34147"},{"taxonomy":"recipe_diet_type","embeddable":true,"href":"https:\/\/www.emmentaler.ch\/fr\/wp-json\/wp\/v2\/recipe_diet_type?post=34147"},{"taxonomy":"recipe_saison","embeddable":true,"href":"https:\/\/www.emmentaler.ch\/fr\/wp-json\/wp\/v2\/recipe_saison?post=34147"}],"curies":[{"name":"wp","href":"https:\/\/api.w.org\/{rel}","templated":true}]}}