{"id":34271,"date":"2022-04-27T14:00:02","date_gmt":"2022-04-27T12:00:02","guid":{"rendered":"https:\/\/www.emmentaler.ch\/rezept\/pancakes-a-lemmentaler-aop-suisse-aux-abricots-et-thym-citron"},"modified":"2024-07-24T13:39:48","modified_gmt":"2024-07-24T11:39:48","slug":"pancakes-aux-abricots-et-thym-citron","status":"publish","type":"recipes","link":"https:\/\/www.emmentaler.ch\/fr\/recettes\/pancakes-aux-abricots-et-thym-citron","title":{"rendered":"Pancakes aux abricots et Thym citron"},"author":2,"featured_media":34292,"menu_order":0,"template":"","meta":{"inline_featured_image":false},"tags":[802],"recipe_categories":[609],"et_countries":[],"recipe_main_ingredient":[596],"recipe_difficulty":[575],"recipe_preparation_time":[268],"recipe_diet_type":[572],"recipe_saison":[548],"acf":{"recipe_preparation_time":268,"recipe_categories":609,"recipe_time_txt":"10 min Pr\u00e9paration, 15 min Cuisson, 25 min Temps total","recipe_type":64247,"recipe_difficulty":575,"recipe_diet_type":[572],"recipe_main_ingredient":[596],"recipe_saison":[548],"recipe_count_portions":4,"recipe_ingedients":[{"recipe_ingedients_amount":"25","recipe_ingedients_unit":"g","recipe_ingedients_product":"Emmentaler AOP, fra\u00eechement r\u00e2p\u00e9"},{"recipe_ingedients_amount":"1","recipe_ingedients_unit":"St\u00fcck","recipe_ingedients_product":"\u0153ufs"},{"recipe_ingedients_amount":"40","recipe_ingedients_unit":"ml","recipe_ingedients_product":"lait"},{"recipe_ingedients_amount":"75","recipe_ingedients_unit":"g","recipe_ingedients_product":"farine"},{"recipe_ingedients_amount":"0.125","recipe_ingedients_unit":"Pkg","recipe_ingedients_product":"poudre \u00e0 lever"},{"recipe_ingedients_amount":"2","recipe_ingedients_unit":"St\u00fcck","recipe_ingedients_product":"abricots"},{"recipe_ingedients_amount":"5","recipe_ingedients_unit":"g","recipe_ingedients_product":"beurre"},{"recipe_ingedients_amount":"1","recipe_ingedients_unit":"El","recipe_ingedients_product":"miel"},{"recipe_ingedients_amount":"","recipe_ingedients_unit":"Bedarf","recipe_ingedients_product":"thym citron, frais"},{"recipe_ingedients_amount":"","recipe_ingedients_unit":"Bedarf","recipe_ingedients_product":"sel"}],"temporare_zutaten":"100 g d'Emmentaler AOP suisse r\u00e2p\u00e9\r\n4 \u0153ufs\r\n28 cl de lait\r\n300 g de farine\r\n1\/2 sachet de levure chimique\r\nThym citron frais\r\n1 pinc\u00e9e du sel\r\n8 abricots\r\n20 g de beurre\r\n4 cuill\u00e8res \u00e0 soupe de miel\r\nThym citron frais","recipe_preparation":"<div>M\u00e9langez les jaunes d\u2019\u0153ufs avec le lait, ajoutez la farine, la levure et m\u00e9langez le tout jusqu\u2019\u00e0 obtention d\u2019une p\u00e2te lisse. Battez les blancs en neige. Incorporez-les dans la p\u00e2te et laissez reposer 1\/2 heure. Faites chauffer le beurre et le miel dans une po\u00eale \u00e0 feu moyen. Ajoutez le thym et les abricots coup\u00e9s en 2. Faites-les dorer pendant 3 mn. D\u00e9posez une louche de p\u00e2te dans une po\u00eale avec du beurre, ajoutez un peu d\u2019Emmentaler AOP suisse r\u00e2p\u00e9. D\u00e8s que des petites bulles apparaissent \u00e0 la surface, retournez et continuez la cuisson 30 secondes. Servez les pancakes avec les abricots, le sirop d'\u00e9rable et le thym frais.<\/div>\r\n<div><\/div>","recipe_images":[27031]},"_links":{"self":[{"href":"https:\/\/www.emmentaler.ch\/fr\/wp-json\/wp\/v2\/recipes\/34271"}],"collection":[{"href":"https:\/\/www.emmentaler.ch\/fr\/wp-json\/wp\/v2\/recipes"}],"about":[{"href":"https:\/\/www.emmentaler.ch\/fr\/wp-json\/wp\/v2\/types\/recipes"}],"author":[{"embeddable":true,"href":"https:\/\/www.emmentaler.ch\/fr\/wp-json\/wp\/v2\/users\/2"}],"version-history":[{"count":1,"href":"https:\/\/www.emmentaler.ch\/fr\/wp-json\/wp\/v2\/recipes\/34271\/revisions"}],"predecessor-version":[{"id":137548,"href":"https:\/\/www.emmentaler.ch\/fr\/wp-json\/wp\/v2\/recipes\/34271\/revisions\/137548"}],"acf:attachment":[{"embeddable":true,"href":"https:\/\/www.emmentaler.ch\/fr\/wp-json\/wp\/v2\/media\/27031"}],"acf:term":[{"embeddable":true,"taxonomy":"recipe_saison","href":"https:\/\/www.emmentaler.ch\/fr\/wp-json\/wp\/v2\/recipe_saison\/548"},{"embeddable":true,"taxonomy":"recipe_main_ingredient","href":"https:\/\/www.emmentaler.ch\/fr\/wp-json\/wp\/v2\/recipe_main_ingredient\/596"},{"embeddable":true,"taxonomy":"recipe_diet_type","href":"https:\/\/www.emmentaler.ch\/fr\/wp-json\/wp\/v2\/recipe_diet_type\/572"},{"embeddable":true,"taxonomy":"recipe_difficulty","href":"https:\/\/www.emmentaler.ch\/fr\/wp-json\/wp\/v2\/recipe_difficulty\/575"},{"embeddable":true,"taxonomy":"recipe_categories","href":"https:\/\/www.emmentaler.ch\/fr\/wp-json\/wp\/v2\/recipe_categories\/609"},{"embeddable":true,"taxonomy":"recipe_preparation_time","href":"https:\/\/www.emmentaler.ch\/fr\/wp-json\/wp\/v2\/recipe_preparation_time\/268"}],"acf:post":[{"embeddable":true,"href":"https:\/\/www.emmentaler.ch\/fr\/wp-json\/wp\/v2\/pages\/64247"}],"wp:featuredmedia":[{"embeddable":true,"href":"https:\/\/www.emmentaler.ch\/fr\/wp-json\/wp\/v2\/media\/34292"}],"wp:attachment":[{"href":"https:\/\/www.emmentaler.ch\/fr\/wp-json\/wp\/v2\/media?parent=34271"}],"wp:term":[{"taxonomy":"post_tag","embeddable":true,"href":"https:\/\/www.emmentaler.ch\/fr\/wp-json\/wp\/v2\/tags?post=34271"},{"taxonomy":"recipe_categories","embeddable":true,"href":"https:\/\/www.emmentaler.ch\/fr\/wp-json\/wp\/v2\/recipe_categories?post=34271"},{"taxonomy":"et_countries","embeddable":true,"href":"https:\/\/www.emmentaler.ch\/fr\/wp-json\/wp\/v2\/et_countries?post=34271"},{"taxonomy":"recipe_main_ingredient","embeddable":true,"href":"https:\/\/www.emmentaler.ch\/fr\/wp-json\/wp\/v2\/recipe_main_ingredient?post=34271"},{"taxonomy":"recipe_difficulty","embeddable":true,"href":"https:\/\/www.emmentaler.ch\/fr\/wp-json\/wp\/v2\/recipe_difficulty?post=34271"},{"taxonomy":"recipe_preparation_time","embeddable":true,"href":"https:\/\/www.emmentaler.ch\/fr\/wp-json\/wp\/v2\/recipe_preparation_time?post=34271"},{"taxonomy":"recipe_diet_type","embeddable":true,"href":"https:\/\/www.emmentaler.ch\/fr\/wp-json\/wp\/v2\/recipe_diet_type?post=34271"},{"taxonomy":"recipe_saison","embeddable":true,"href":"https:\/\/www.emmentaler.ch\/fr\/wp-json\/wp\/v2\/recipe_saison?post=34271"}],"curies":[{"name":"wp","href":"https:\/\/api.w.org\/{rel}","templated":true}]}}