{"id":34411,"date":"2022-04-27T14:00:56","date_gmt":"2022-04-27T12:00:56","guid":{"rendered":"https:\/\/www.emmentaler.ch\/rezept\/pommes-de-terre-de-montagne-creme-a-lemmentaler-aop-affine-en-grotte-noix-noires-et-laitue"},"modified":"2023-06-13T10:02:21","modified_gmt":"2023-06-13T08:02:21","slug":"pommes-de-terre-de-montagne-creme-a-lemmentaler-aop-affine-en-grotte-noix-noires-et-laitue","status":"publish","type":"recipes","link":"https:\/\/www.emmentaler.ch\/fr\/recettes\/pommes-de-terre-de-montagne-creme-a-lemmentaler-aop-affine-en-grotte-noix-noires-et-laitue","title":{"rendered":"Pommes de terre de montagne, cr\u00e8me \u00e0 l\u2019Emmentaler AOP, noix noires et laitue"},"author":2,"featured_media":34432,"menu_order":0,"template":"","meta":{"inline_featured_image":false},"tags":[767],"recipe_categories":[622],"et_countries":[],"recipe_main_ingredient":[604],"recipe_difficulty":[580],"recipe_preparation_time":[272],"recipe_diet_type":[572],"recipe_saison":[559],"acf":{"recipe_preparation_time":272,"recipe_categories":622,"recipe_time_txt":"Pommes de terre, env. 40 minutes","recipe_type":64290,"recipe_difficulty":580,"recipe_diet_type":[572],"recipe_main_ingredient":[604],"recipe_saison":[559],"recipe_count_portions":4,"recipe_ingedients":[{"recipe_ingedients_amount":"1","recipe_ingedients_unit":"St\u00fcck","recipe_ingedients_product":"pommes de terre de montagne"},{"recipe_ingedients_amount":"50","recipe_ingedients_unit":"ml","recipe_ingedients_product":"lait"},{"recipe_ingedients_amount":"250","recipe_ingedients_unit":"g","recipe_ingedients_product":"Emmentaler AOP affin\u00e9 en grotte, r\u00e2p\u00e9"},{"recipe_ingedients_amount":"5","recipe_ingedients_unit":"g","recipe_ingedients_product":"beurre"},{"recipe_ingedients_amount":"0.25","recipe_ingedients_unit":"El","recipe_ingedients_product":"farine"},{"recipe_ingedients_amount":"25","recipe_ingedients_unit":"ml","recipe_ingedients_product":"vin blanc"},{"recipe_ingedients_amount":"0.125","recipe_ingedients_unit":"St\u00fcck","recipe_ingedients_product":"gousse d'ail, finement hach\u00e9e"},{"recipe_ingedients_amount":"1","recipe_ingedients_unit":"El","recipe_ingedients_product":"sel"},{"recipe_ingedients_amount":"2.5","recipe_ingedients_unit":"ml","recipe_ingedients_product":"Kirsch"},{"recipe_ingedients_amount":"","recipe_ingedients_unit":"Bedarf","recipe_ingedients_product":"poivre"},{"recipe_ingedients_amount":"","recipe_ingedients_unit":"Bedarf","recipe_ingedients_product":""},{"recipe_ingedients_amount":"","recipe_ingedients_unit":"Bedarf","recipe_ingedients_product":""},{"recipe_ingedients_amount":"","recipe_ingedients_unit":"Bedarf","recipe_ingedients_product":""},{"recipe_ingedients_amount":"","recipe_ingedients_unit":"Bedarf","recipe_ingedients_product":""}],"temporare_zutaten":"4 pommes de terre de montagne\r\n2 dl de lait\r\n250 g d\u2019Emmentaler AOP affin\u00e9 en grotte, r\u00e2p\u00e9\r\n20 g de beurre\r\n1 CS de farine\r\n1 dl de vin blanc\r\n\u00bd gousse d\u2019ail, finement hach\u00e9e\r\n1 CC de sel\r\nPoivre\r\n1 cl de kirsch\r\nQuelques noix noires\r\nLaitue (salade), coup\u00e9e en fines lani\u00e8res\r\nVinaigrette\r\nFigues et grains de raisins, coup\u00e9s en quatre","recipe_preparation":"Couper les pommes de terre en deux, les creuser \u00e0 l\u2019aide d\u2019une cuill\u00e8re parisienne, faire cuire jusqu\u2019\u00e0 tendret\u00e9 dans de l\u2019eau g\u00e9n\u00e9reusement sal\u00e9e, \u00e9goutter et laisser l\u2019humidit\u00e9 s\u2019\u00e9vaporer.\r\n\r\nPorter le lait \u00e0 \u00e9bullition et incorporer 200 g d\u2019Emmentaler AOP affin\u00e9 en grotte, laisser refroidir. Verser la pr\u00e9paration dans une passoire et bien essorer la p\u00e2te \u00e0 base de fromage.\r\n\r\nFaire fondre le beurre jusqu\u2019\u00e0 ce qu\u2019il soit mousseux, ajouter la farine et m\u00e9langer. D\u00e9glacer avec le vin blanc, le m\u00e9lange lait-Emmental, l\u2019ail et le sel. Faire mijoter la cr\u00e8me au fromage pendant 5\u00a0minutes, poivrer et ajouter le kirsch. Verser la pr\u00e9paration chaude dans les pommes de terre creus\u00e9es.\r\n\r\nDressage: m\u00e9langer la laitue avec une vinaigrette (\u00e0 votre go\u00fbt), dresser sur les assiettes, poser les pommes de terre sur la salade et garnir avec les noix noires, les figues, le raisin et le reste d\u2019Emmentaler AOP affin\u00e9 en grotte r\u00e2p\u00e9.","recipe_images":[34422,34427]},"_links":{"self":[{"href":"https:\/\/www.emmentaler.ch\/fr\/wp-json\/wp\/v2\/recipes\/34411"}],"collection":[{"href":"https:\/\/www.emmentaler.ch\/fr\/wp-json\/wp\/v2\/recipes"}],"about":[{"href":"https:\/\/www.emmentaler.ch\/fr\/wp-json\/wp\/v2\/types\/recipes"}],"author":[{"embeddable":true,"href":"https:\/\/www.emmentaler.ch\/fr\/wp-json\/wp\/v2\/users\/2"}],"version-history":[{"count":0,"href":"https:\/\/www.emmentaler.ch\/fr\/wp-json\/wp\/v2\/recipes\/34411\/revisions"}],"acf:attachment":[{"embeddable":true,"href":"https:\/\/www.emmentaler.ch\/fr\/wp-json\/wp\/v2\/media\/34427"},{"embeddable":true,"href":"https:\/\/www.emmentaler.ch\/fr\/wp-json\/wp\/v2\/media\/34422"}],"acf:term":[{"embeddable":true,"taxonomy":"recipe_saison","href":"https:\/\/www.emmentaler.ch\/fr\/wp-json\/wp\/v2\/recipe_saison\/559"},{"embeddable":true,"taxonomy":"recipe_main_ingredient","href":"https:\/\/www.emmentaler.ch\/fr\/wp-json\/wp\/v2\/recipe_main_ingredient\/604"},{"embeddable":true,"taxonomy":"recipe_diet_type","href":"https:\/\/www.emmentaler.ch\/fr\/wp-json\/wp\/v2\/recipe_diet_type\/572"},{"embeddable":true,"taxonomy":"recipe_difficulty","href":"https:\/\/www.emmentaler.ch\/fr\/wp-json\/wp\/v2\/recipe_difficulty\/580"},{"embeddable":true,"taxonomy":"recipe_categories","href":"https:\/\/www.emmentaler.ch\/fr\/wp-json\/wp\/v2\/recipe_categories\/622"},{"embeddable":true,"taxonomy":"recipe_preparation_time","href":"https:\/\/www.emmentaler.ch\/fr\/wp-json\/wp\/v2\/recipe_preparation_time\/272"}],"acf:post":[{"embeddable":true,"href":"https:\/\/www.emmentaler.ch\/fr\/wp-json\/wp\/v2\/pages\/64290"}],"wp:featuredmedia":[{"embeddable":true,"href":"https:\/\/www.emmentaler.ch\/fr\/wp-json\/wp\/v2\/media\/34432"}],"wp:attachment":[{"href":"https:\/\/www.emmentaler.ch\/fr\/wp-json\/wp\/v2\/media?parent=34411"}],"wp:term":[{"taxonomy":"post_tag","embeddable":true,"href":"https:\/\/www.emmentaler.ch\/fr\/wp-json\/wp\/v2\/tags?post=34411"},{"taxonomy":"recipe_categories","embeddable":true,"href":"https:\/\/www.emmentaler.ch\/fr\/wp-json\/wp\/v2\/recipe_categories?post=34411"},{"taxonomy":"et_countries","embeddable":true,"href":"https:\/\/www.emmentaler.ch\/fr\/wp-json\/wp\/v2\/et_countries?post=34411"},{"taxonomy":"recipe_main_ingredient","embeddable":true,"href":"https:\/\/www.emmentaler.ch\/fr\/wp-json\/wp\/v2\/recipe_main_ingredient?post=34411"},{"taxonomy":"recipe_difficulty","embeddable":true,"href":"https:\/\/www.emmentaler.ch\/fr\/wp-json\/wp\/v2\/recipe_difficulty?post=34411"},{"taxonomy":"recipe_preparation_time","embeddable":true,"href":"https:\/\/www.emmentaler.ch\/fr\/wp-json\/wp\/v2\/recipe_preparation_time?post=34411"},{"taxonomy":"recipe_diet_type","embeddable":true,"href":"https:\/\/www.emmentaler.ch\/fr\/wp-json\/wp\/v2\/recipe_diet_type?post=34411"},{"taxonomy":"recipe_saison","embeddable":true,"href":"https:\/\/www.emmentaler.ch\/fr\/wp-json\/wp\/v2\/recipe_saison?post=34411"}],"curies":[{"name":"wp","href":"https:\/\/api.w.org\/{rel}","templated":true}]}}