{"id":88836,"date":"2022-04-07T14:22:55","date_gmt":"2022-04-07T12:22:55","guid":{"rendered":"https:\/\/www.emmentaler.ch\/rezept\/chili-con-spaetzli-2"},"modified":"2022-07-29T15:34:56","modified_gmt":"2022-07-29T13:34:56","slug":"chili-con-spaetzli","status":"publish","type":"recipes","link":"https:\/\/www.emmentaler.ch\/fr\/recettes\/chili-con-spaetzli","title":{"rendered":"Chili con Sp\u00e4tzli"},"author":2,"featured_media":8291,"menu_order":0,"template":"","meta":{"inline_featured_image":false},"tags":[],"recipe_categories":[617],"et_countries":[],"recipe_main_ingredient":[591],"recipe_difficulty":[580],"recipe_preparation_time":[272],"recipe_diet_type":[567],"recipe_saison":[559],"acf":{"recipe_preparation_time":272,"recipe_categories":617,"recipe_time_txt":"","recipe_type":64272,"recipe_difficulty":580,"recipe_diet_type":[567],"recipe_main_ingredient":[591],"recipe_saison":[559],"recipe_count_portions":4,"recipe_ingedients":[{"recipe_ingedients_amount":".5","recipe_ingedients_unit":"St\u00fcck","recipe_ingedients_product":"oignons"},{"recipe_ingedients_amount":".5","recipe_ingedients_unit":"St\u00fcck","recipe_ingedients_product":"gousses d'ail"},{"recipe_ingedients_amount":"100","recipe_ingedients_unit":"g","recipe_ingedients_product":"de viande hach\u00e9e mixte"},{"recipe_ingedients_amount":".5","recipe_ingedients_unit":"El","recipe_ingedients_product":"d'huile d'olive"},{"recipe_ingedients_amount":".5","recipe_ingedients_unit":"El","recipe_ingedients_product":"de pur\u00e9e de tomate"},{"recipe_ingedients_amount":".5","recipe_ingedients_unit":"Tl","recipe_ingedients_product":"de piment en poudre"},{"recipe_ingedients_amount":".25","recipe_ingedients_unit":"El","recipe_ingedients_product":"de thym"},{"recipe_ingedients_amount":"75","recipe_ingedients_unit":"ml","recipe_ingedients_product":"de jus d'orange"},{"recipe_ingedients_amount":"75","recipe_ingedients_unit":"ml","recipe_ingedients_product":"de bouillon"},{"recipe_ingedients_amount":".25","recipe_ingedients_unit":"St\u00fcck","recipe_ingedients_product":"poivron rouge"},{"recipe_ingedients_amount":".25","recipe_ingedients_unit":"St\u00fcck","recipe_ingedients_product":"poivron vert"},{"recipe_ingedients_amount":".25","recipe_ingedients_unit":"Dose","recipe_ingedients_product":"de ma\u00efs en grains, \u00e9gout\u00e9e (1 bo\u00eete = 280 g env.)"},{"recipe_ingedients_amount":"187.5","recipe_ingedients_unit":"g","recipe_ingedients_product":"de sp\u00e4tzli"},{"recipe_ingedients_amount":".125","recipe_ingedients_unit":"Bd","recipe_ingedients_product":"de persil"},{"recipe_ingedients_amount":"37.5","recipe_ingedients_unit":"g","recipe_ingedients_product":"d'Emmentaler AOP doux"},{"recipe_ingedients_amount":"","recipe_ingedients_unit":"Bedarf","recipe_ingedients_product":"Sel, poivre"}],"temporare_zutaten":"","recipe_preparation":"Hacher finement les oignons et l\u2019ail. Faire revenir la viande dans l\u2019huile chaude. Ajouter les oignons et l\u2019ail et faire revenir. Ajouter la pur\u00e9e de tomate et le piment en poudre et faire revenir 1 minute. Assaisonner avec le thym, le sel et le poivre. Ajouter le jus d\u2019orange et le bouillon.\r\n\r\nCouper les poivrons en petits morceaux, les ajouter \u00e0 la viande avec les grains de ma\u00efs et laisser mijoter 10 minutes \u00e0 couvert.\r\n\r\nM\u00e9langer les sp\u00e4tzli et la viande et faire mijoter 5 minutes. Ajouter \u00e9ventuellement un peu d\u2019eau. parsemer de feuilles de persil.\r\n\r\nR\u00e2per finement l\u2019Emmentaler AOP et servir avec les sp\u00e4tzli au piment.","recipe_images":[8291]},"_links":{"self":[{"href":"https:\/\/www.emmentaler.ch\/fr\/wp-json\/wp\/v2\/recipes\/88836"}],"collection":[{"href":"https:\/\/www.emmentaler.ch\/fr\/wp-json\/wp\/v2\/recipes"}],"about":[{"href":"https:\/\/www.emmentaler.ch\/fr\/wp-json\/wp\/v2\/types\/recipes"}],"author":[{"embeddable":true,"href":"https:\/\/www.emmentaler.ch\/fr\/wp-json\/wp\/v2\/users\/2"}],"version-history":[{"count":0,"href":"https:\/\/www.emmentaler.ch\/fr\/wp-json\/wp\/v2\/recipes\/88836\/revisions"}],"acf:attachment":[{"embeddable":true,"href":"https:\/\/www.emmentaler.ch\/fr\/wp-json\/wp\/v2\/media\/8291"}],"acf:term":[{"embeddable":true,"taxonomy":"recipe_saison","href":"https:\/\/www.emmentaler.ch\/fr\/wp-json\/wp\/v2\/recipe_saison\/559"},{"embeddable":true,"taxonomy":"recipe_main_ingredient","href":"https:\/\/www.emmentaler.ch\/fr\/wp-json\/wp\/v2\/recipe_main_ingredient\/591"},{"embeddable":true,"taxonomy":"recipe_diet_type","href":"https:\/\/www.emmentaler.ch\/fr\/wp-json\/wp\/v2\/recipe_diet_type\/567"},{"embeddable":true,"taxonomy":"recipe_difficulty","href":"https:\/\/www.emmentaler.ch\/fr\/wp-json\/wp\/v2\/recipe_difficulty\/580"},{"embeddable":true,"taxonomy":"recipe_categories","href":"https:\/\/www.emmentaler.ch\/fr\/wp-json\/wp\/v2\/recipe_categories\/617"},{"embeddable":true,"taxonomy":"recipe_preparation_time","href":"https:\/\/www.emmentaler.ch\/fr\/wp-json\/wp\/v2\/recipe_preparation_time\/272"}],"acf:post":[{"embeddable":true,"href":"https:\/\/www.emmentaler.ch\/fr\/wp-json\/wp\/v2\/pages\/64272"}],"wp:featuredmedia":[{"embeddable":true,"href":"https:\/\/www.emmentaler.ch\/fr\/wp-json\/wp\/v2\/media\/8291"}],"wp:attachment":[{"href":"https:\/\/www.emmentaler.ch\/fr\/wp-json\/wp\/v2\/media?parent=88836"}],"wp:term":[{"taxonomy":"post_tag","embeddable":true,"href":"https:\/\/www.emmentaler.ch\/fr\/wp-json\/wp\/v2\/tags?post=88836"},{"taxonomy":"recipe_categories","embeddable":true,"href":"https:\/\/www.emmentaler.ch\/fr\/wp-json\/wp\/v2\/recipe_categories?post=88836"},{"taxonomy":"et_countries","embeddable":true,"href":"https:\/\/www.emmentaler.ch\/fr\/wp-json\/wp\/v2\/et_countries?post=88836"},{"taxonomy":"recipe_main_ingredient","embeddable":true,"href":"https:\/\/www.emmentaler.ch\/fr\/wp-json\/wp\/v2\/recipe_main_ingredient?post=88836"},{"taxonomy":"recipe_difficulty","embeddable":true,"href":"https:\/\/www.emmentaler.ch\/fr\/wp-json\/wp\/v2\/recipe_difficulty?post=88836"},{"taxonomy":"recipe_preparation_time","embeddable":true,"href":"https:\/\/www.emmentaler.ch\/fr\/wp-json\/wp\/v2\/recipe_preparation_time?post=88836"},{"taxonomy":"recipe_diet_type","embeddable":true,"href":"https:\/\/www.emmentaler.ch\/fr\/wp-json\/wp\/v2\/recipe_diet_type?post=88836"},{"taxonomy":"recipe_saison","embeddable":true,"href":"https:\/\/www.emmentaler.ch\/fr\/wp-json\/wp\/v2\/recipe_saison?post=88836"}],"curies":[{"name":"wp","href":"https:\/\/api.w.org\/{rel}","templated":true}]}}