{"id":35499,"date":"2022-04-27T13:40:42","date_gmt":"2022-04-27T11:40:42","guid":{"rendered":"https:\/\/www.emmentaler.ch\/rezept\/pane-pull-apart"},"modified":"2022-06-13T15:27:50","modified_gmt":"2022-06-13T13:27:50","slug":"pane-pull-apart","status":"publish","type":"recipes","link":"https:\/\/www.emmentaler.ch\/it\/ricettes\/pane-pull-apart","title":{"rendered":"Pane Pull Apart"},"author":2,"featured_media":35540,"menu_order":0,"template":"","meta":{"inline_featured_image":false},"tags":[],"recipe_categories":[607],"et_countries":[],"recipe_main_ingredient":[],"recipe_difficulty":[576],"recipe_preparation_time":[328],"recipe_diet_type":[571],"recipe_saison":[528,560],"acf":{"recipe_preparation_time":328,"recipe_categories":607,"recipe_time_txt":"15 minuti, pi\u00f9 25 minuti di cottura in forno","recipe_type":65059,"recipe_difficulty":576,"recipe_diet_type":[571],"recipe_main_ingredient":false,"recipe_saison":[528,560],"recipe_count_portions":5,"recipe_ingedients":[{"recipe_ingedients_amount":"0.2","recipe_ingedients_unit":"St\u00fcck","recipe_ingedients_product":"pane allungato o rotondo, ad es. Ruchbrot, Bauernbrot, ecc."},{"recipe_ingedients_amount":"60","recipe_ingedients_unit":"g","recipe_ingedients_product":"Emmentaler DOP"},{"recipe_ingedients_amount":"20","recipe_ingedients_unit":"g","recipe_ingedients_product":"burro"},{"recipe_ingedients_amount":"0.4","recipe_ingedients_unit":"El","recipe_ingedients_product":"senape in grani o semi di papavero"},{"recipe_ingedients_amount":"","recipe_ingedients_unit":"Bedarf","recipe_ingedients_product":"secondo necessit\u00e0: erba cipollina"}],"temporare_zutaten":"1 l\u00e4ngliches oder rundes Brot, 500 g, z.B. Ruchbrot, Bauernbrot etc., altbacken\r\n300\u2013400 g Emmentaler AOP\r\n100 g Butter\r\n2 Bund Schnittlauch\r\n2 EL k\u00f6rniger Senf oder Mohnsamen","recipe_preparation":"Preriscaldare il forno a 175 \u00b0C. Un buon coltello da pane \u00e8 fondamentale. Tagliare il pane a croce senza tagliare il fondo. Stendere su una lamiera rivestita di carta da forno un grande foglio di alluminio (di qualit\u00e0 robusta).\r\n\r\nTagliare l'Emmentaler DOP a fettine sottili e l'erba cipollina a rotelline. Far sciogliere il burro e aggiungere l'erba cipollina e la senape o i semi di papavero. Premere il formaggio nei tagli del pane e cospargere con alcune gocce di burro all'erba cipollina. Impacchettare il pane ben stretto nel foglio di alluminio. Cuocere al centro del forno per 15 minuti. Quindi rimuovere il foglio di alluminio e cuocere in forno per altri 10 minuti.\r\n\r\nCon queste varianti potete sostituire la senape. Piccante: peperoncino tagliato finemente Aglio: aglio affettato finemente e prezzemolo tritato Funghi: tritare finemente degli champignon e la stessa quantit\u00e0 di cipolla d'inverno, quindi rosolarli nel burro finch\u00e9 il liquido non \u00e8 completamente evaporato. Speck: tagliato fine, rosolato finch\u00e9 non diventa croccante","recipe_images":[23775,23780,23785,23790]},"_links":{"self":[{"href":"https:\/\/www.emmentaler.ch\/it\/wp-json\/wp\/v2\/recipes\/35499"}],"collection":[{"href":"https:\/\/www.emmentaler.ch\/it\/wp-json\/wp\/v2\/recipes"}],"about":[{"href":"https:\/\/www.emmentaler.ch\/it\/wp-json\/wp\/v2\/types\/recipes"}],"author":[{"embeddable":true,"href":"https:\/\/www.emmentaler.ch\/it\/wp-json\/wp\/v2\/users\/2"}],"version-history":[{"count":0,"href":"https:\/\/www.emmentaler.ch\/it\/wp-json\/wp\/v2\/recipes\/35499\/revisions"}],"acf:attachment":[{"embeddable":true,"href":"https:\/\/www.emmentaler.ch\/it\/wp-json\/wp\/v2\/media\/23790"},{"embeddable":true,"href":"https:\/\/www.emmentaler.ch\/it\/wp-json\/wp\/v2\/media\/23785"},{"embeddable":true,"href":"https:\/\/www.emmentaler.ch\/it\/wp-json\/wp\/v2\/media\/23780"},{"embeddable":true,"href":"https:\/\/www.emmentaler.ch\/it\/wp-json\/wp\/v2\/media\/23775"}],"acf:term":[{"embeddable":true,"taxonomy":"recipe_saison","href":"https:\/\/www.emmentaler.ch\/it\/wp-json\/wp\/v2\/recipe_saison\/560"},{"embeddable":true,"taxonomy":"recipe_saison","href":"https:\/\/www.emmentaler.ch\/it\/wp-json\/wp\/v2\/recipe_saison\/528"},{"embeddable":true,"taxonomy":"recipe_diet_type","href":"https:\/\/www.emmentaler.ch\/it\/wp-json\/wp\/v2\/recipe_diet_type\/571"},{"embeddable":true,"taxonomy":"recipe_difficulty","href":"https:\/\/www.emmentaler.ch\/it\/wp-json\/wp\/v2\/recipe_difficulty\/576"},{"embeddable":true,"taxonomy":"recipe_categories","href":"https:\/\/www.emmentaler.ch\/it\/wp-json\/wp\/v2\/recipe_categories\/607"},{"embeddable":true,"taxonomy":"recipe_preparation_time","href":"https:\/\/www.emmentaler.ch\/it\/wp-json\/wp\/v2\/recipe_preparation_time\/328"}],"acf:post":[{"embeddable":true,"href":"https:\/\/www.emmentaler.ch\/it\/wp-json\/wp\/v2\/pages\/65059"}],"wp:featuredmedia":[{"embeddable":true,"href":"https:\/\/www.emmentaler.ch\/it\/wp-json\/wp\/v2\/media\/35540"}],"wp:attachment":[{"href":"https:\/\/www.emmentaler.ch\/it\/wp-json\/wp\/v2\/media?parent=35499"}],"wp:term":[{"taxonomy":"post_tag","embeddable":true,"href":"https:\/\/www.emmentaler.ch\/it\/wp-json\/wp\/v2\/tags?post=35499"},{"taxonomy":"recipe_categories","embeddable":true,"href":"https:\/\/www.emmentaler.ch\/it\/wp-json\/wp\/v2\/recipe_categories?post=35499"},{"taxonomy":"et_countries","embeddable":true,"href":"https:\/\/www.emmentaler.ch\/it\/wp-json\/wp\/v2\/et_countries?post=35499"},{"taxonomy":"recipe_main_ingredient","embeddable":true,"href":"https:\/\/www.emmentaler.ch\/it\/wp-json\/wp\/v2\/recipe_main_ingredient?post=35499"},{"taxonomy":"recipe_difficulty","embeddable":true,"href":"https:\/\/www.emmentaler.ch\/it\/wp-json\/wp\/v2\/recipe_difficulty?post=35499"},{"taxonomy":"recipe_preparation_time","embeddable":true,"href":"https:\/\/www.emmentaler.ch\/it\/wp-json\/wp\/v2\/recipe_preparation_time?post=35499"},{"taxonomy":"recipe_diet_type","embeddable":true,"href":"https:\/\/www.emmentaler.ch\/it\/wp-json\/wp\/v2\/recipe_diet_type?post=35499"},{"taxonomy":"recipe_saison","embeddable":true,"href":"https:\/\/www.emmentaler.ch\/it\/wp-json\/wp\/v2\/recipe_saison?post=35499"}],"curies":[{"name":"wp","href":"https:\/\/api.w.org\/{rel}","templated":true}]}}